{"id":530,"date":"2017-05-22T14:59:30","date_gmt":"2017-05-22T17:59:30","guid":{"rendered":"http:\/\/www.compp.unifra.br\/?post_type=portfolio&#038;p=530"},"modified":"2023-12-05T16:03:01","modified_gmt":"2023-12-05T19:03:01","slug":"projeto-olha-pra-mim","status":"publish","type":"portfolio","link":"https:\/\/compp.ufn.edu.br\/?portfolio=projeto-olha-pra-mim","title":{"rendered":"Projeto Olha Pra Mim"},"content":{"rendered":"<p><iframe title=\"Projeto Olha pra mim-2016\" width=\"800\" height=\"450\" src=\"https:\/\/www.youtube.com\/embed\/J8iCuhi54JU?feature=oembed\" frameborder=\"0\" allow=\"accelerometer; autoplay; clipboard-write; encrypted-media; gyroscope; picture-in-picture; web-share\" allowfullscreen><\/iframe><\/p>\n<p>Olha pra mim \u00e9 um projeto social criado em 2014, pelo fot\u00f3grafo pernambucano Thiago Santos com o objetivo de realizar uma humaniza\u00e7\u00e3o social atrav\u00e9s do olhar, buscando os mais variados olhares poss\u00edveis, desde os esquecidos e marginalizados pela sociedade at\u00e9 os olhares por ela cultuados. Al\u00e9m disso, o projeto procura despertar uma afinidade entre os espectadores e os olhares fotografados, independente da personalidade, car\u00e1ter, religi\u00e3o, ra\u00e7a, classe social e sexualidade.<\/p>\n<p>Os acad\u00eamicos trouxeram o projeto para Santa Maria e organizaram a divulga\u00e7\u00e3o da ideia em diversas plataformas. Captaram recursos em patrocinadores e viabilizaram a vinda do fot\u00f3grafo \u00e0 cidade para participar de uma s\u00e9rie de eventos.<\/p>\n<p>Em primeiro de setembro de 2016, reuniram mais de cinquenta pessoas no est\u00fadio de televis\u00e3o do Centro Universit\u00e1rio Fransciscano para um bate-papo com fot\u00f3grafo. O segundo dia foi dedicado \u00e0 capta\u00e7\u00e3o de olhares, pela manh\u00e3 nos intervalos das aulas do conjunto III e \u00e0 tarde na pra\u00e7a Saldanha Marinho. No terceiro dia, o projeto foi divulgado no Royal Plaza Shopping e exp\u00f4s algumas fotografias feitas nos dias anteriores. No \u00faltimo dia, o projeto fez uma visita at\u00e9 o Lar das Vovozinhas e Lar Vila Itagiba, onde foram novamente captados mais olhares.<\/p>\n<p>A divulga\u00e7\u00e3o foi feita com a cria\u00e7\u00e3o de um evento no facebook, chamado \u201cOlha pra mim \u2013 Santa Maria\u201d, que postou Webcards convidando para a programa\u00e7\u00e3o e cartazes pela cidade. A equipe elaborou presskits e entregou pessoalmente para jornalistas e autoridades locais.<\/p>\n<p>A equipe conseguiu patroc\u00ednios e apoios de diversas empresas locais: Centro Universit\u00e1rio Fransciscano, Construtora Jobim, Imobili\u00e1ria Taperinha, Silvio Joalheiro, Parque Hotel Morotin, Royal Plaza Shopping, PlayArt, Seleto Sabor e River\u2019s Grill e Restaurante.<\/p>\n<p>Slogan: \u201cO que diz o meu olhar, o seu ver\u00e1.<\/p>\n<p><strong>ACAD\u00caMICOS<\/strong><\/p>\n<p>Julie Jarosczniski, Rafael Moreira, Brunno Petrarca Salgado, Andrei de Moraes e Kaue Zago Soares.<\/p>\n<p><strong>GALERIA DE FOTOS<\/strong><\/p>\n<div id='gallery-1' class='gallery galleryid-530 gallery-columns-3 gallery-size-medium'><figure class='gallery-item'>\n\t\t\t<div class='gallery-icon landscape'>\n\t\t\t\t<a href='https:\/\/compp.ufn.edu.br\/?attachment_id=531'><img fetchpriority=\"high\" decoding=\"async\" width=\"300\" height=\"183\" src=\"https:\/\/compp.ufn.edu.br\/wp-content\/uploads\/2017\/05\/01-300x183.jpg\" class=\"attachment-medium size-medium\" alt=\"\" srcset=\"https:\/\/compp.ufn.edu.br\/wp-content\/uploads\/2017\/05\/01-300x183.jpg 300w, https:\/\/compp.ufn.edu.br\/wp-content\/uploads\/2017\/05\/01-1024x626.jpg 1024w, https:\/\/compp.ufn.edu.br\/wp-content\/uploads\/2017\/05\/01-768x470.jpg 768w, https:\/\/compp.ufn.edu.br\/wp-content\/uploads\/2017\/05\/01-1536x939.jpg 1536w, https:\/\/compp.ufn.edu.br\/wp-content\/uploads\/2017\/05\/01-2048x1252.jpg 2048w\" sizes=\"(max-width: 300px) 100vw, 300px\" \/><\/a>\n\t\t\t<\/div><\/figure><figure class='gallery-item'>\n\t\t\t<div class='gallery-icon landscape'>\n\t\t\t\t<a href='https:\/\/compp.ufn.edu.br\/?attachment_id=532'><img decoding=\"async\" width=\"300\" height=\"183\" src=\"https:\/\/compp.ufn.edu.br\/wp-content\/uploads\/2017\/05\/02-300x183.jpg\" class=\"attachment-medium size-medium\" alt=\"\" srcset=\"https:\/\/compp.ufn.edu.br\/wp-content\/uploads\/2017\/05\/02-300x183.jpg 300w, https:\/\/compp.ufn.edu.br\/wp-content\/uploads\/2017\/05\/02-1024x626.jpg 1024w, https:\/\/compp.ufn.edu.br\/wp-content\/uploads\/2017\/05\/02-768x470.jpg 768w, https:\/\/compp.ufn.edu.br\/wp-content\/uploads\/2017\/05\/02-1536x939.jpg 1536w, https:\/\/compp.ufn.edu.br\/wp-content\/uploads\/2017\/05\/02-2048x1252.jpg 2048w\" sizes=\"(max-width: 300px) 100vw, 300px\" \/><\/a>\n\t\t\t<\/div><\/figure><figure class='gallery-item'>\n\t\t\t<div class='gallery-icon landscape'>\n\t\t\t\t<a href='https:\/\/compp.ufn.edu.br\/?attachment_id=534'><img decoding=\"async\" width=\"300\" height=\"183\" src=\"https:\/\/compp.ufn.edu.br\/wp-content\/uploads\/2017\/05\/03-300x183.jpg\" class=\"attachment-medium size-medium\" alt=\"\" srcset=\"https:\/\/compp.ufn.edu.br\/wp-content\/uploads\/2017\/05\/03-300x183.jpg 300w, https:\/\/compp.ufn.edu.br\/wp-content\/uploads\/2017\/05\/03-1024x626.jpg 1024w, https:\/\/compp.ufn.edu.br\/wp-content\/uploads\/2017\/05\/03-768x470.jpg 768w, https:\/\/compp.ufn.edu.br\/wp-content\/uploads\/2017\/05\/03-1536x939.jpg 1536w, https:\/\/compp.ufn.edu.br\/wp-content\/uploads\/2017\/05\/03-2048x1252.jpg 2048w\" sizes=\"(max-width: 300px) 100vw, 300px\" \/><\/a>\n\t\t\t<\/div><\/figure><figure class='gallery-item'>\n\t\t\t<div class='gallery-icon landscape'>\n\t\t\t\t<a href='https:\/\/compp.ufn.edu.br\/?attachment_id=535'><img loading=\"lazy\" decoding=\"async\" width=\"300\" height=\"183\" src=\"https:\/\/compp.ufn.edu.br\/wp-content\/uploads\/2017\/05\/04-300x183.jpg\" class=\"attachment-medium size-medium\" alt=\"\" srcset=\"https:\/\/compp.ufn.edu.br\/wp-content\/uploads\/2017\/05\/04-300x183.jpg 300w, https:\/\/compp.ufn.edu.br\/wp-content\/uploads\/2017\/05\/04-1024x626.jpg 1024w, https:\/\/compp.ufn.edu.br\/wp-content\/uploads\/2017\/05\/04-768x470.jpg 768w, https:\/\/compp.ufn.edu.br\/wp-content\/uploads\/2017\/05\/04-1536x939.jpg 1536w, https:\/\/compp.ufn.edu.br\/wp-content\/uploads\/2017\/05\/04-2048x1252.jpg 2048w\" sizes=\"(max-width: 300px) 100vw, 300px\" \/><\/a>\n\t\t\t<\/div><\/figure><figure class='gallery-item'>\n\t\t\t<div class='gallery-icon landscape'>\n\t\t\t\t<a href='https:\/\/compp.ufn.edu.br\/?attachment_id=536'><img loading=\"lazy\" decoding=\"async\" width=\"300\" height=\"183\" src=\"https:\/\/compp.ufn.edu.br\/wp-content\/uploads\/2017\/05\/05-300x183.jpg\" class=\"attachment-medium size-medium\" alt=\"\" srcset=\"https:\/\/compp.ufn.edu.br\/wp-content\/uploads\/2017\/05\/05-300x183.jpg 300w, https:\/\/compp.ufn.edu.br\/wp-content\/uploads\/2017\/05\/05-1024x626.jpg 1024w, https:\/\/compp.ufn.edu.br\/wp-content\/uploads\/2017\/05\/05-768x470.jpg 768w, https:\/\/compp.ufn.edu.br\/wp-content\/uploads\/2017\/05\/05-1536x939.jpg 1536w, https:\/\/compp.ufn.edu.br\/wp-content\/uploads\/2017\/05\/05-2048x1252.jpg 2048w\" sizes=\"(max-width: 300px) 100vw, 300px\" \/><\/a>\n\t\t\t<\/div><\/figure>\n\t\t<\/div>\n\n<p><strong>WEBCARDS<\/strong><\/p>\n<div id='gallery-2' class='gallery galleryid-530 gallery-columns-3 gallery-size-medium'><figure class='gallery-item'>\n\t\t\t<div class='gallery-icon landscape'>\n\t\t\t\t<a href='https:\/\/compp.ufn.edu.br\/?attachment_id=542'><img loading=\"lazy\" decoding=\"async\" width=\"300\" height=\"212\" src=\"https:\/\/compp.ufn.edu.br\/wp-content\/uploads\/2017\/05\/WEBCARDS-FACE-UNIFRA-1-300x212.png\" class=\"attachment-medium size-medium\" alt=\"\" srcset=\"https:\/\/compp.ufn.edu.br\/wp-content\/uploads\/2017\/05\/WEBCARDS-FACE-UNIFRA-1-300x212.png 300w, https:\/\/compp.ufn.edu.br\/wp-content\/uploads\/2017\/05\/WEBCARDS-FACE-UNIFRA-1-1024x724.png 1024w, https:\/\/compp.ufn.edu.br\/wp-content\/uploads\/2017\/05\/WEBCARDS-FACE-UNIFRA-1-768x543.png 768w, https:\/\/compp.ufn.edu.br\/wp-content\/uploads\/2017\/05\/WEBCARDS-FACE-UNIFRA-1-1536x1086.png 1536w, https:\/\/compp.ufn.edu.br\/wp-content\/uploads\/2017\/05\/WEBCARDS-FACE-UNIFRA-1-2048x1449.png 2048w\" sizes=\"(max-width: 300px) 100vw, 300px\" \/><\/a>\n\t\t\t<\/div><\/figure><figure class='gallery-item'>\n\t\t\t<div class='gallery-icon landscape'>\n\t\t\t\t<a href='https:\/\/compp.ufn.edu.br\/?attachment_id=541'><img loading=\"lazy\" decoding=\"async\" width=\"300\" height=\"212\" src=\"https:\/\/compp.ufn.edu.br\/wp-content\/uploads\/2017\/05\/WEBCARDS-FACE-BRIQUE-300x212.png\" class=\"attachment-medium size-medium\" alt=\"\" srcset=\"https:\/\/compp.ufn.edu.br\/wp-content\/uploads\/2017\/05\/WEBCARDS-FACE-BRIQUE-300x212.png 300w, https:\/\/compp.ufn.edu.br\/wp-content\/uploads\/2017\/05\/WEBCARDS-FACE-BRIQUE-1024x724.png 1024w, https:\/\/compp.ufn.edu.br\/wp-content\/uploads\/2017\/05\/WEBCARDS-FACE-BRIQUE-768x543.png 768w, https:\/\/compp.ufn.edu.br\/wp-content\/uploads\/2017\/05\/WEBCARDS-FACE-BRIQUE-1536x1086.png 1536w, https:\/\/compp.ufn.edu.br\/wp-content\/uploads\/2017\/05\/WEBCARDS-FACE-BRIQUE-2048x1449.png 2048w\" sizes=\"(max-width: 300px) 100vw, 300px\" \/><\/a>\n\t\t\t<\/div><\/figure><figure class='gallery-item'>\n\t\t\t<div class='gallery-icon portrait'>\n\t\t\t\t<a href='https:\/\/compp.ufn.edu.br\/?attachment_id=538'><img loading=\"lazy\" decoding=\"async\" width=\"207\" height=\"300\" src=\"https:\/\/compp.ufn.edu.br\/wp-content\/uploads\/2017\/05\/web-cronograma-207x300.jpg\" class=\"attachment-medium size-medium\" alt=\"\" srcset=\"https:\/\/compp.ufn.edu.br\/wp-content\/uploads\/2017\/05\/web-cronograma-207x300.jpg 207w, https:\/\/compp.ufn.edu.br\/wp-content\/uploads\/2017\/05\/web-cronograma-708x1024.jpg 708w, https:\/\/compp.ufn.edu.br\/wp-content\/uploads\/2017\/05\/web-cronograma-768x1111.jpg 768w, https:\/\/compp.ufn.edu.br\/wp-content\/uploads\/2017\/05\/web-cronograma-1062x1536.jpg 1062w, https:\/\/compp.ufn.edu.br\/wp-content\/uploads\/2017\/05\/web-cronograma-1416x2048.jpg 1416w, https:\/\/compp.ufn.edu.br\/wp-content\/uploads\/2017\/05\/web-cronograma-scaled.jpg 1770w\" sizes=\"(max-width: 207px) 100vw, 207px\" \/><\/a>\n\t\t\t<\/div><\/figure><figure class='gallery-item'>\n\t\t\t<div class='gallery-icon portrait'>\n\t\t\t\t<a href='https:\/\/compp.ufn.edu.br\/?attachment_id=540'><img loading=\"lazy\" decoding=\"async\" width=\"188\" height=\"300\" src=\"https:\/\/compp.ufn.edu.br\/wp-content\/uploads\/2017\/05\/WEBCARDS-FACE-188x300.jpg\" class=\"attachment-medium size-medium\" alt=\"\" srcset=\"https:\/\/compp.ufn.edu.br\/wp-content\/uploads\/2017\/05\/WEBCARDS-FACE-188x300.jpg 188w, https:\/\/compp.ufn.edu.br\/wp-content\/uploads\/2017\/05\/WEBCARDS-FACE-643x1024.jpg 643w, https:\/\/compp.ufn.edu.br\/wp-content\/uploads\/2017\/05\/WEBCARDS-FACE-768x1222.jpg 768w, https:\/\/compp.ufn.edu.br\/wp-content\/uploads\/2017\/05\/WEBCARDS-FACE-965x1536.jpg 965w, https:\/\/compp.ufn.edu.br\/wp-content\/uploads\/2017\/05\/WEBCARDS-FACE-1287x2048.jpg 1287w, https:\/\/compp.ufn.edu.br\/wp-content\/uploads\/2017\/05\/WEBCARDS-FACE-scaled.jpg 1608w\" sizes=\"(max-width: 188px) 100vw, 188px\" \/><\/a>\n\t\t\t<\/div><\/figure><figure class='gallery-item'>\n\t\t\t<div class='gallery-icon portrait'>\n\t\t\t\t<a href='https:\/\/compp.ufn.edu.br\/?attachment_id=539'><img loading=\"lazy\" decoding=\"async\" width=\"212\" height=\"300\" src=\"https:\/\/compp.ufn.edu.br\/wp-content\/uploads\/2017\/05\/WEBCARDS-FACE-praca-parada-212x300.png\" class=\"attachment-medium size-medium\" alt=\"\" srcset=\"https:\/\/compp.ufn.edu.br\/wp-content\/uploads\/2017\/05\/WEBCARDS-FACE-praca-parada-212x300.png 212w, https:\/\/compp.ufn.edu.br\/wp-content\/uploads\/2017\/05\/WEBCARDS-FACE-praca-parada-725x1024.png 725w, https:\/\/compp.ufn.edu.br\/wp-content\/uploads\/2017\/05\/WEBCARDS-FACE-praca-parada-768x1085.png 768w, https:\/\/compp.ufn.edu.br\/wp-content\/uploads\/2017\/05\/WEBCARDS-FACE-praca-parada-1087x1536.png 1087w, https:\/\/compp.ufn.edu.br\/wp-content\/uploads\/2017\/05\/WEBCARDS-FACE-praca-parada-1449x2048.png 1449w\" sizes=\"(max-width: 212px) 100vw, 212px\" \/><\/a>\n\t\t\t<\/div><\/figure>\n\t\t<\/div>\n\n","protected":false},"excerpt":{"rendered":"<p>Olha pra mim \u00e9 um projeto social criado em 2014, pelo fot\u00f3grafo pernambucano Thiago Santos com o objetivo de realizar uma humaniza\u00e7\u00e3o social atrav\u00e9s do olhar, buscando os mais variados olhares poss\u00edveis, desde os esquecidos e marginalizados pela sociedade at\u00e9 os olhares por ela cultuados. Al\u00e9m disso, o projeto procura despertar uma afinidade entre os [&hellip;]<\/p>\n","protected":false},"author":2,"featured_media":1057,"comment_status":"open","ping_status":"closed","template":"","meta":{"footnotes":""},"portfolio_category":[20],"portfolio_tag":[],"class_list":["post-530","portfolio","type-portfolio","status-publish","has-post-thumbnail","hentry","portfolio_category-20"],"_links":{"self":[{"href":"https:\/\/compp.ufn.edu.br\/index.php?rest_route=\/wp\/v2\/portfolio\/530","targetHints":{"allow":["GET"]}}],"collection":[{"href":"https:\/\/compp.ufn.edu.br\/index.php?rest_route=\/wp\/v2\/portfolio"}],"about":[{"href":"https:\/\/compp.ufn.edu.br\/index.php?rest_route=\/wp\/v2\/types\/portfolio"}],"author":[{"embeddable":true,"href":"https:\/\/compp.ufn.edu.br\/index.php?rest_route=\/wp\/v2\/users\/2"}],"replies":[{"embeddable":true,"href":"https:\/\/compp.ufn.edu.br\/index.php?rest_route=%2Fwp%2Fv2%2Fcomments&post=530"}],"version-history":[{"count":1,"href":"https:\/\/compp.ufn.edu.br\/index.php?rest_route=\/wp\/v2\/portfolio\/530\/revisions"}],"predecessor-version":[{"id":1414,"href":"https:\/\/compp.ufn.edu.br\/index.php?rest_route=\/wp\/v2\/portfolio\/530\/revisions\/1414"}],"wp:featuredmedia":[{"embeddable":true,"href":"https:\/\/compp.ufn.edu.br\/index.php?rest_route=\/wp\/v2\/media\/1057"}],"wp:attachment":[{"href":"https:\/\/compp.ufn.edu.br\/index.php?rest_route=%2Fwp%2Fv2%2Fmedia&parent=530"}],"wp:term":[{"taxonomy":"portfolio_category","embeddable":true,"href":"https:\/\/compp.ufn.edu.br\/index.php?rest_route=%2Fwp%2Fv2%2Fportfolio_category&post=530"},{"taxonomy":"portfolio_tag","embeddable":true,"href":"https:\/\/compp.ufn.edu.br\/index.php?rest_route=%2Fwp%2Fv2%2Fportfolio_tag&post=530"}],"curies":[{"name":"wp","href":"https:\/\/api.w.org\/{rel}","templated":true}]}}