{"id":1431,"date":"2023-12-05T16:34:27","date_gmt":"2023-12-05T19:34:27","guid":{"rendered":"https:\/\/compp.ufn.edu.br\/?post_type=portfolio&#038;p=1431"},"modified":"2023-12-11T18:02:07","modified_gmt":"2023-12-11T21:02:07","slug":"orquestrando-em-foco","status":"publish","type":"portfolio","link":"https:\/\/compp.ufn.edu.br\/?portfolio=orquestrando-em-foco","title":{"rendered":"Orquestrando em foco\u00a0"},"content":{"rendered":"\n<figure class=\"wp-block-embed is-type-video is-provider-youtube wp-block-embed-youtube wp-embed-aspect-4-3 wp-has-aspect-ratio\"><div class=\"wp-block-embed__wrapper\">\n<iframe title=\"Orquestrando em foco- 2020\" width=\"800\" height=\"600\" src=\"https:\/\/www.youtube.com\/embed\/JEcPEuBS-fY?feature=oembed\" frameborder=\"0\" allow=\"accelerometer; autoplay; clipboard-write; encrypted-media; gyroscope; picture-in-picture; web-share\" allowfullscreen><\/iframe>\n<\/div><\/figure>\n\n\n\n<p>A Associa\u00e7\u00e3o Orquestrando Arte \u00e9 uma institui\u00e7\u00e3o beneficente, sem fins lucrativos, fundada em 2014, atuando na cidade de Santa Maria\/RS. Tem como objetivo promover a assist\u00eancia social, educacional e cultural a crian\u00e7as, adolescentes e jovens de 06 a 29 anos de idade Realiza suas atividades no per\u00edodo diurno, com as oficinas de m\u00fasica, dan\u00e7a, teatro, forma\u00e7\u00e3o humana e apoio pedag\u00f3gico, e para adultos, no per\u00edodo noturno com a oficina de canto coral.\u00a0<\/p>\n\n\n\n<p>De modo a trazer visibilidade ao projeto, explicando o que ele faz e sua import\u00e2ncia para a comunidade, os acad\u00eamicos de Publicidade e Propaganda realizaram uma s\u00e9rie de postagens e v\u00eddeos no Instagram. Esses conte\u00fados abordam quest\u00f5es como o ensino da m\u00fasica e consci\u00eancia cidad\u00e3. Tamb\u00e9m foram coletados depoimentos de profissionais do espa\u00e7o, m\u00e3es e alunos que frequentam o espa\u00e7o.&nbsp;&nbsp;<\/p>\n\n\n\n<p>Acompanhe o Orquestrando arte atrav\u00e9s do site https:\/\/www.orquestrandoarte.org\/ ou pelo Instagram @orquestrandoarte.<\/p>\n\n\n\n<p>Veja mais:<\/p>\n\n\n\n<figure class=\"wp-block-embed is-type-video is-provider-youtube wp-block-embed-youtube wp-embed-aspect-4-3 wp-has-aspect-ratio\"><div class=\"wp-block-embed__wrapper\">\n<iframe title=\"Orquestrando Arte - depoimento 1\" width=\"800\" height=\"600\" src=\"https:\/\/www.youtube.com\/embed\/aXCwijIpOPw?feature=oembed\" frameborder=\"0\" allow=\"accelerometer; autoplay; clipboard-write; encrypted-media; gyroscope; picture-in-picture; web-share\" allowfullscreen><\/iframe>\n<\/div><\/figure>\n\n\n\n<figure class=\"wp-block-embed is-type-video is-provider-youtube wp-block-embed-youtube wp-embed-aspect-4-3 wp-has-aspect-ratio\"><div class=\"wp-block-embed__wrapper\">\n<iframe title=\"Orquestrando Arte   Video 2 depoimentos\" width=\"800\" height=\"600\" src=\"https:\/\/www.youtube.com\/embed\/Uwu3aVZTd2E?feature=oembed\" frameborder=\"0\" allow=\"accelerometer; autoplay; clipboard-write; encrypted-media; gyroscope; picture-in-picture; web-share\" allowfullscreen><\/iframe>\n<\/div><\/figure>\n","protected":false},"excerpt":{"rendered":"<p>A Associa\u00e7\u00e3o Orquestrando Arte \u00e9 uma institui\u00e7\u00e3o beneficente, sem fins lucrativos, fundada em 2014, atuando na cidade de Santa Maria\/RS. Tem como objetivo promover a assist\u00eancia social, educacional e cultural a crian\u00e7as, adolescentes e jovens de 06 a 29 anos de idade Realiza suas atividades no per\u00edodo diurno, com as oficinas de m\u00fasica, dan\u00e7a, teatro, [&hellip;]<\/p>\n","protected":false},"author":164,"featured_media":1461,"comment_status":"open","ping_status":"closed","template":"","meta":{"footnotes":""},"portfolio_category":[29],"portfolio_tag":[],"class_list":["post-1431","portfolio","type-portfolio","status-publish","has-post-thumbnail","hentry","portfolio_category-29"],"_links":{"self":[{"href":"https:\/\/compp.ufn.edu.br\/index.php?rest_route=\/wp\/v2\/portfolio\/1431","targetHints":{"allow":["GET"]}}],"collection":[{"href":"https:\/\/compp.ufn.edu.br\/index.php?rest_route=\/wp\/v2\/portfolio"}],"about":[{"href":"https:\/\/compp.ufn.edu.br\/index.php?rest_route=\/wp\/v2\/types\/portfolio"}],"author":[{"embeddable":true,"href":"https:\/\/compp.ufn.edu.br\/index.php?rest_route=\/wp\/v2\/users\/164"}],"replies":[{"embeddable":true,"href":"https:\/\/compp.ufn.edu.br\/index.php?rest_route=%2Fwp%2Fv2%2Fcomments&post=1431"}],"version-history":[{"count":1,"href":"https:\/\/compp.ufn.edu.br\/index.php?rest_route=\/wp\/v2\/portfolio\/1431\/revisions"}],"predecessor-version":[{"id":1432,"href":"https:\/\/compp.ufn.edu.br\/index.php?rest_route=\/wp\/v2\/portfolio\/1431\/revisions\/1432"}],"wp:featuredmedia":[{"embeddable":true,"href":"https:\/\/compp.ufn.edu.br\/index.php?rest_route=\/wp\/v2\/media\/1461"}],"wp:attachment":[{"href":"https:\/\/compp.ufn.edu.br\/index.php?rest_route=%2Fwp%2Fv2%2Fmedia&parent=1431"}],"wp:term":[{"taxonomy":"portfolio_category","embeddable":true,"href":"https:\/\/compp.ufn.edu.br\/index.php?rest_route=%2Fwp%2Fv2%2Fportfolio_category&post=1431"},{"taxonomy":"portfolio_tag","embeddable":true,"href":"https:\/\/compp.ufn.edu.br\/index.php?rest_route=%2Fwp%2Fv2%2Fportfolio_tag&post=1431"}],"curies":[{"name":"wp","href":"https:\/\/api.w.org\/{rel}","templated":true}]}}