{"id":1427,"date":"2023-12-05T16:30:36","date_gmt":"2023-12-05T19:30:36","guid":{"rendered":"https:\/\/compp.ufn.edu.br\/?post_type=portfolio&#038;p=1427"},"modified":"2023-12-11T18:02:59","modified_gmt":"2023-12-11T21:02:59","slug":"perspectiva","status":"publish","type":"portfolio","link":"https:\/\/compp.ufn.edu.br\/?portfolio=perspectiva","title":{"rendered":"Perspectiva"},"content":{"rendered":"\n<figure class=\"wp-block-embed is-type-video is-provider-youtube wp-block-embed-youtube wp-embed-aspect-16-9 wp-has-aspect-ratio\"><div class=\"wp-block-embed__wrapper\">\n<iframe title=\"Projeto Perspectiva - Escola Paulo Lauda\" width=\"800\" height=\"450\" src=\"https:\/\/www.youtube.com\/embed\/8OlCneH_kIA?feature=oembed\" frameborder=\"0\" allow=\"accelerometer; autoplay; clipboard-write; encrypted-media; gyroscope; picture-in-picture; web-share\" allowfullscreen><\/iframe>\n<\/div><\/figure>\n\n\n\n<p>Estudos indicavam que muitos estudantes desistem da escola por fatores como falta de interesse, estarem defasados em rela\u00e7\u00e3o \u00e0 s\u00e9rie\/idade, conseguirem coloca\u00e7\u00e3o no mercado de trabalho sem estudo formal, entre outros fatores. Pensando nisso, os acad\u00eamicos de Publicidade buscou incentivar as capacidades art\u00edsticas dos alunos, que podem tamb\u00e9m se tornar capacidades profissionais.&nbsp;<\/p>\n\n\n\n<p>Para isso, os alunos da Publicidade prepararam aulas de fotografia para os alunos do ensino m\u00e9dio da escola Paulo Lauda, localizada na cidade de Santa Maria\/RS. Os alunos da publicidade apresentaram o projeto e abriram uma ficha de inscri\u00e7\u00f5es para os interessados.&nbsp;<\/p>\n\n\n\n<p>O projeto contou com cinco encontros, para desenvolvimento de teoria e pr\u00e1tica, sendo essa ministrada pelos alunos do curso de Publicidade, que tamb\u00e9m contou com a palestra da fot\u00f3grafa Fernanda Bona que falou sobre o mercado de trabalho em fotografia e sua trajet\u00f3ria profissional.&nbsp;<\/p>\n\n\n\n<p>Em um dos encontros, os alunos foram levados at\u00e9 a Universidade Franciscana, onde puderam conhecer o est\u00fadio de fotografia e o est\u00fadio de TV, entre outros locais,&nbsp; tendo contato com a infraestrutura, os equipamentos e a perspectiva dos profissionais que atuam nesses espa\u00e7os. Por fim, os alunos utilizaram c\u00e2meras para realizar uma capta\u00e7\u00e3o de fotografias nas depend\u00eancias da universidade.&nbsp;<\/p>\n\n\n\n<p>Por fim, no \u00faltimo encontro foi realizada uma exposi\u00e7\u00e3o dos trabalhos realizados durante a oficina e a perspectiva dos alunos sobre a fotografia. Essa exposi\u00e7\u00e3o foi realizada na escola Paulo Lauda e contou com a organiza\u00e7\u00e3o dos acad\u00eamicos do curso de Publicidade.&nbsp;<\/p>\n\n\n\n<p><strong>Acad\u00eamicos<\/strong>: Argos Mirion, Theodor Gon\u00e7alves, Renan Caetano, Daiane Rocha, Kaka Bortoluzzi<\/p>\n","protected":false},"excerpt":{"rendered":"<p>Estudos indicavam que muitos estudantes desistem da escola por fatores como falta de interesse, estarem defasados em rela\u00e7\u00e3o \u00e0 s\u00e9rie\/idade, conseguirem coloca\u00e7\u00e3o no mercado de trabalho sem estudo formal, entre outros fatores. Pensando nisso, os acad\u00eamicos de Publicidade buscou incentivar as capacidades art\u00edsticas dos alunos, que podem tamb\u00e9m se tornar capacidades profissionais.&nbsp; Para isso, os [&hellip;]<\/p>\n","protected":false},"author":164,"featured_media":1462,"comment_status":"open","ping_status":"closed","template":"","meta":{"footnotes":""},"portfolio_category":[28],"portfolio_tag":[],"class_list":["post-1427","portfolio","type-portfolio","status-publish","has-post-thumbnail","hentry","portfolio_category-28"],"_links":{"self":[{"href":"https:\/\/compp.ufn.edu.br\/index.php?rest_route=\/wp\/v2\/portfolio\/1427","targetHints":{"allow":["GET"]}}],"collection":[{"href":"https:\/\/compp.ufn.edu.br\/index.php?rest_route=\/wp\/v2\/portfolio"}],"about":[{"href":"https:\/\/compp.ufn.edu.br\/index.php?rest_route=\/wp\/v2\/types\/portfolio"}],"author":[{"embeddable":true,"href":"https:\/\/compp.ufn.edu.br\/index.php?rest_route=\/wp\/v2\/users\/164"}],"replies":[{"embeddable":true,"href":"https:\/\/compp.ufn.edu.br\/index.php?rest_route=%2Fwp%2Fv2%2Fcomments&post=1427"}],"version-history":[{"count":2,"href":"https:\/\/compp.ufn.edu.br\/index.php?rest_route=\/wp\/v2\/portfolio\/1427\/revisions"}],"predecessor-version":[{"id":1463,"href":"https:\/\/compp.ufn.edu.br\/index.php?rest_route=\/wp\/v2\/portfolio\/1427\/revisions\/1463"}],"wp:featuredmedia":[{"embeddable":true,"href":"https:\/\/compp.ufn.edu.br\/index.php?rest_route=\/wp\/v2\/media\/1462"}],"wp:attachment":[{"href":"https:\/\/compp.ufn.edu.br\/index.php?rest_route=%2Fwp%2Fv2%2Fmedia&parent=1427"}],"wp:term":[{"taxonomy":"portfolio_category","embeddable":true,"href":"https:\/\/compp.ufn.edu.br\/index.php?rest_route=%2Fwp%2Fv2%2Fportfolio_category&post=1427"},{"taxonomy":"portfolio_tag","embeddable":true,"href":"https:\/\/compp.ufn.edu.br\/index.php?rest_route=%2Fwp%2Fv2%2Fportfolio_tag&post=1427"}],"curies":[{"name":"wp","href":"https:\/\/api.w.org\/{rel}","templated":true}]}}