{"id":9,"date":"2016-10-04T21:07:41","date_gmt":"2016-10-05T00:07:41","guid":{"rendered":"http:\/\/www.compp.unifra.br\/?page_id=9"},"modified":"2023-12-11T16:32:50","modified_gmt":"2023-12-11T19:32:50","slug":"projetos","status":"publish","type":"page","link":"https:\/\/compp.ufn.edu.br\/?page_id=9","title":{"rendered":"Projetos"},"content":{"rendered":"\t\t<div data-elementor-type=\"wp-page\" data-elementor-id=\"9\" class=\"elementor elementor-9\" data-elementor-post-type=\"page\">\n\t\t\t\t\t\t<section class=\"elementor-section elementor-top-section elementor-element elementor-element-ee6e0d7 elementor-section-boxed elementor-section-height-default elementor-section-height-default\" data-id=\"ee6e0d7\" data-element_type=\"section\">\n\t\t\t\t\t\t<div class=\"elementor-container elementor-column-gap-default\">\n\t\t\t\t\t<div class=\"elementor-column elementor-col-100 elementor-top-column elementor-element elementor-element-bd4305c\" data-id=\"bd4305c\" data-element_type=\"column\">\n\t\t\t<div class=\"elementor-widget-wrap elementor-element-populated\">\n\t\t\t\t\t\t<div class=\"elementor-element elementor-element-8a9c1ae elementor-widget elementor-widget-spacer\" data-id=\"8a9c1ae\" data-element_type=\"widget\" data-widget_type=\"spacer.default\">\n\t\t\t\t<div class=\"elementor-widget-container\">\n\t\t\t\t\t\t\t<div class=\"elementor-spacer\">\n\t\t\t<div class=\"elementor-spacer-inner\"><\/div>\n\t\t<\/div>\n\t\t\t\t\t\t<\/div>\n\t\t\t\t<\/div>\n\t\t\t\t<div class=\"elementor-element elementor-element-b6d97ce elementor-widget elementor-widget-heading\" data-id=\"b6d97ce\" data-element_type=\"widget\" data-widget_type=\"heading.default\">\n\t\t\t\t<div class=\"elementor-widget-container\">\n\t\t\t\t\t<h1 class=\"elementor-heading-title elementor-size-default\">projetos<\/h1>\t\t\t\t<\/div>\n\t\t\t\t<\/div>\n\t\t\t\t\t<\/div>\n\t\t<\/div>\n\t\t\t\t\t<\/div>\n\t\t<\/section>\n\t\t\t\t<section class=\"elementor-section elementor-top-section elementor-element elementor-element-45c6de9 elementor-section-boxed elementor-section-height-default elementor-section-height-default\" data-id=\"45c6de9\" data-element_type=\"section\">\n\t\t\t\t\t\t<div class=\"elementor-container elementor-column-gap-default\">\n\t\t\t\t\t<div class=\"elementor-column elementor-col-100 elementor-top-column elementor-element elementor-element-811b931\" data-id=\"811b931\" data-element_type=\"column\">\n\t\t\t<div class=\"elementor-widget-wrap elementor-element-populated\">\n\t\t\t\t\t\t<div class=\"elementor-element elementor-element-e7d6867 elementor-widget elementor-widget-text-editor\" data-id=\"e7d6867\" data-element_type=\"widget\" data-widget_type=\"text-editor.default\">\n\t\t\t\t<div class=\"elementor-widget-container\">\n\t\t\t\t\t\t\t\t\t<p>Clique para conhecer os trabalhos\u00a0desenvolvidos pelos alunos de publicidade e propaganda\u00a0nos \u00faltimos anos. Voc\u00ea encontra a apresenta\u00e7\u00e3o, acad\u00eamicos envolvidos, fotografias e materiais produzidos de cada projeto.<\/p>\t\t\t\t\t\t\t\t<\/div>\n\t\t\t\t<\/div>\n\t\t\t\t<div class=\"elementor-element elementor-element-d6293d2 elementor-widget elementor-widget-spacer\" data-id=\"d6293d2\" data-element_type=\"widget\" data-widget_type=\"spacer.default\">\n\t\t\t\t<div class=\"elementor-widget-container\">\n\t\t\t\t\t\t\t<div class=\"elementor-spacer\">\n\t\t\t<div class=\"elementor-spacer-inner\"><\/div>\n\t\t<\/div>\n\t\t\t\t\t\t<\/div>\n\t\t\t\t<\/div>\n\t\t\t\t\t<\/div>\n\t\t<\/div>\n\t\t\t\t\t<\/div>\n\t\t<\/section>\n\t\t\t\t<section class=\"elementor-section elementor-top-section elementor-element elementor-element-384edbd elementor-section-boxed elementor-section-height-default elementor-section-height-default\" data-id=\"384edbd\" data-element_type=\"section\">\n\t\t\t\t\t\t<div class=\"elementor-container elementor-column-gap-default\">\n\t\t\t\t\t<div class=\"elementor-column elementor-col-100 elementor-top-column elementor-element elementor-element-ae77ec2\" data-id=\"ae77ec2\" data-element_type=\"column\">\n\t\t\t<div class=\"elementor-widget-wrap elementor-element-populated\">\n\t\t\t\t\t\t<div class=\"elementor-element elementor-element-151ee95 elementor-widget elementor-widget-spacer\" data-id=\"151ee95\" data-element_type=\"widget\" data-widget_type=\"spacer.default\">\n\t\t\t\t<div class=\"elementor-widget-container\">\n\t\t\t\t\t\t\t<div class=\"elementor-spacer\">\n\t\t\t<div class=\"elementor-spacer-inner\"><\/div>\n\t\t<\/div>\n\t\t\t\t\t\t<\/div>\n\t\t\t\t<\/div>\n\t\t\t\t<div class=\"elementor-element elementor-element-3c971de elementor-widget elementor-widget-heading\" data-id=\"3c971de\" data-element_type=\"widget\" data-widget_type=\"heading.default\">\n\t\t\t\t<div class=\"elementor-widget-container\">\n\t\t\t\t\t<h3 class=\"elementor-heading-title elementor-size-default\">projetos 2023<\/h3>\t\t\t\t<\/div>\n\t\t\t\t<\/div>\n\t\t\t\t<section class=\"elementor-section elementor-inner-section elementor-element elementor-element-68c447b elementor-section-boxed elementor-section-height-default elementor-section-height-default\" data-id=\"68c447b\" data-element_type=\"section\">\n\t\t\t\t\t\t<div class=\"elementor-container elementor-column-gap-default\">\n\t\t\t\t\t<div class=\"elementor-column elementor-col-100 elementor-inner-column elementor-element elementor-element-22986d0\" data-id=\"22986d0\" data-element_type=\"column\">\n\t\t\t<div class=\"elementor-widget-wrap elementor-element-populated\">\n\t\t\t\t\t\t<div class=\"elementor-element elementor-element-3c6900e elementor-grid-3 elementor-grid-tablet-2 elementor-grid-mobile-1 elementor-posts--thumbnail-top elementor-card-shadow-yes elementor-posts__hover-gradient load-more-align-center elementor-widget elementor-widget-posts\" data-id=\"3c6900e\" data-element_type=\"widget\" data-settings=\"{&quot;pagination_type&quot;:&quot;load_more_on_click&quot;,&quot;cards_columns&quot;:&quot;3&quot;,&quot;cards_columns_tablet&quot;:&quot;2&quot;,&quot;cards_columns_mobile&quot;:&quot;1&quot;,&quot;cards_row_gap&quot;:{&quot;unit&quot;:&quot;px&quot;,&quot;size&quot;:35,&quot;sizes&quot;:[]},&quot;cards_row_gap_tablet&quot;:{&quot;unit&quot;:&quot;px&quot;,&quot;size&quot;:&quot;&quot;,&quot;sizes&quot;:[]},&quot;cards_row_gap_mobile&quot;:{&quot;unit&quot;:&quot;px&quot;,&quot;size&quot;:&quot;&quot;,&quot;sizes&quot;:[]},&quot;load_more_spinner&quot;:{&quot;value&quot;:&quot;fas fa-spinner&quot;,&quot;library&quot;:&quot;fa-solid&quot;}}\" data-widget_type=\"posts.cards\">\n\t\t\t\t<div class=\"elementor-widget-container\">\n\t\t\t\t\t\t\t<div class=\"elementor-posts-container elementor-posts elementor-posts--skin-cards elementor-grid\" role=\"list\">\n\t\t\t\t<article class=\"elementor-post elementor-grid-item post-1423 portfolio type-portfolio status-publish has-post-thumbnail hentry portfolio_category-32\" role=\"listitem\">\n\t\t\t<div class=\"elementor-post__card\">\n\t\t\t\t<a class=\"elementor-post__thumbnail__link\" href=\"https:\/\/compp.ufn.edu.br\/?portfolio=nao-te-julgo-te-ajudo\" tabindex=\"-1\" ><div class=\"elementor-post__thumbnail\"><img fetchpriority=\"high\" decoding=\"async\" width=\"300\" height=\"188\" src=\"https:\/\/compp.ufn.edu.br\/wp-content\/uploads\/2023\/12\/nao-te-julgo-te-ajudo-300x188.png\" class=\"attachment-medium size-medium wp-image-1464\" alt=\"\" srcset=\"https:\/\/compp.ufn.edu.br\/wp-content\/uploads\/2023\/12\/nao-te-julgo-te-ajudo-300x188.png 300w, https:\/\/compp.ufn.edu.br\/wp-content\/uploads\/2023\/12\/nao-te-julgo-te-ajudo.png 480w\" sizes=\"(max-width: 300px) 100vw, 300px\" \/><\/div><\/a>\n\t\t\t\t<div class=\"elementor-post__text\">\n\t\t\t\t<h3 class=\"elementor-post__title\">\n\t\t\t<a href=\"https:\/\/compp.ufn.edu.br\/?portfolio=nao-te-julgo-te-ajudo\" >\n\t\t\t\tN\u00e3o te julgo, te ajudo\t\t\t<\/a>\n\t\t<\/h3>\n\t\t\t\t<div class=\"elementor-post__excerpt\">\n\t\t\t<p>Uma s\u00e9rie de estudos relata a presen\u00e7a de transtornos mentais, em estudantes universit\u00e1rios. A press\u00e3o por sucesso, a adapta\u00e7\u00e3o a um novo ambiente e as<\/p>\n\t\t<\/div>\n\t\t\n\t\t<a class=\"elementor-post__read-more\" href=\"https:\/\/compp.ufn.edu.br\/?portfolio=nao-te-julgo-te-ajudo\" aria-label=\"Leia mais sobre N\u00e3o te julgo, te ajudo\" tabindex=\"-1\" >\n\t\t\tLer mais \u00bb\t\t<\/a>\n\n\t\t\t\t<\/div>\n\t\t\t\t<div class=\"elementor-post__meta-data\">\n\t\t\t\t\t<span class=\"elementor-post-date\">\n\t\t\t5 de dezembro de 2023\t\t<\/span>\n\t\t\t\t<span class=\"elementor-post-avatar\">\n\t\t\t<span class=\"dsq-postid\" data-dsqidentifier=\"1423 https:\/\/compp.ufn.edu.br\/?post_type=portfolio&#038;p=1423\">Nenhum coment\u00e1rio<\/span>\t\t<\/span>\n\t\t\t\t<\/div>\n\t\t\t\t\t<\/div>\n\t\t<\/article>\n\t\t\t\t<article class=\"elementor-post elementor-grid-item post-1421 portfolio type-portfolio status-publish has-post-thumbnail hentry portfolio_category-32\" role=\"listitem\">\n\t\t\t<div class=\"elementor-post__card\">\n\t\t\t\t<a class=\"elementor-post__thumbnail__link\" href=\"https:\/\/compp.ufn.edu.br\/?portfolio=projeto-conexao-azul\" tabindex=\"-1\" ><div class=\"elementor-post__thumbnail\"><img decoding=\"async\" width=\"300\" height=\"188\" src=\"https:\/\/compp.ufn.edu.br\/wp-content\/uploads\/2023\/12\/conexao-azul-300x188.png\" class=\"attachment-medium size-medium wp-image-1465\" alt=\"\" srcset=\"https:\/\/compp.ufn.edu.br\/wp-content\/uploads\/2023\/12\/conexao-azul-300x188.png 300w, https:\/\/compp.ufn.edu.br\/wp-content\/uploads\/2023\/12\/conexao-azul.png 480w\" sizes=\"(max-width: 300px) 100vw, 300px\" \/><\/div><\/a>\n\t\t\t\t<div class=\"elementor-post__text\">\n\t\t\t\t<h3 class=\"elementor-post__title\">\n\t\t\t<a href=\"https:\/\/compp.ufn.edu.br\/?portfolio=projeto-conexao-azul\" >\n\t\t\t\tProjeto Conex\u00e3o Azul\u00a0\t\t\t<\/a>\n\t\t<\/h3>\n\t\t\t\t<div class=\"elementor-post__excerpt\">\n\t\t\t<p>Em um mundo de descobertas e desafios, o autismo emerge como uma condi\u00e7\u00e3o que merece aten\u00e7\u00e3o especial. Crian\u00e7as ao redor do mundo t\u00eam suas jornadas<\/p>\n\t\t<\/div>\n\t\t\n\t\t<a class=\"elementor-post__read-more\" href=\"https:\/\/compp.ufn.edu.br\/?portfolio=projeto-conexao-azul\" aria-label=\"Leia mais sobre Projeto Conex\u00e3o Azul\u00a0\" tabindex=\"-1\" >\n\t\t\tLer mais \u00bb\t\t<\/a>\n\n\t\t\t\t<\/div>\n\t\t\t\t<div class=\"elementor-post__meta-data\">\n\t\t\t\t\t<span class=\"elementor-post-date\">\n\t\t\t5 de dezembro de 2023\t\t<\/span>\n\t\t\t\t<span class=\"elementor-post-avatar\">\n\t\t\t<span class=\"dsq-postid\" data-dsqidentifier=\"1421 https:\/\/compp.ufn.edu.br\/?post_type=portfolio&#038;p=1421\">Nenhum coment\u00e1rio<\/span>\t\t<\/span>\n\t\t\t\t<\/div>\n\t\t\t\t\t<\/div>\n\t\t<\/article>\n\t\t\t\t<article class=\"elementor-post elementor-grid-item post-1419 portfolio type-portfolio status-publish has-post-thumbnail hentry portfolio_category-32\" role=\"listitem\">\n\t\t\t<div class=\"elementor-post__card\">\n\t\t\t\t<a class=\"elementor-post__thumbnail__link\" href=\"https:\/\/compp.ufn.edu.br\/?portfolio=projeto-recria\" tabindex=\"-1\" ><div class=\"elementor-post__thumbnail\"><img decoding=\"async\" width=\"300\" height=\"188\" src=\"https:\/\/compp.ufn.edu.br\/wp-content\/uploads\/2023\/12\/recria-300x188.png\" class=\"attachment-medium size-medium wp-image-1466\" alt=\"\" srcset=\"https:\/\/compp.ufn.edu.br\/wp-content\/uploads\/2023\/12\/recria-300x188.png 300w, https:\/\/compp.ufn.edu.br\/wp-content\/uploads\/2023\/12\/recria.png 480w\" sizes=\"(max-width: 300px) 100vw, 300px\" \/><\/div><\/a>\n\t\t\t\t<div class=\"elementor-post__text\">\n\t\t\t\t<h3 class=\"elementor-post__title\">\n\t\t\t<a href=\"https:\/\/compp.ufn.edu.br\/?portfolio=projeto-recria\" >\n\t\t\t\tProjeto [Rec]ria\t\t\t<\/a>\n\t\t<\/h3>\n\t\t\t\t<div class=\"elementor-post__excerpt\">\n\t\t\t<p>O projeto&nbsp; [Rec]ria tem como objetivo dar conhecimento a pessoas que buscam conhecer e at\u00e9 come\u00e7ar a trabalhar com a \u00e1rea de audiovisual. Os acad\u00eamicos<\/p>\n\t\t<\/div>\n\t\t\n\t\t<a class=\"elementor-post__read-more\" href=\"https:\/\/compp.ufn.edu.br\/?portfolio=projeto-recria\" aria-label=\"Leia mais sobre Projeto [Rec]ria\" tabindex=\"-1\" >\n\t\t\tLer mais \u00bb\t\t<\/a>\n\n\t\t\t\t<\/div>\n\t\t\t\t<div class=\"elementor-post__meta-data\">\n\t\t\t\t\t<span class=\"elementor-post-date\">\n\t\t\t5 de dezembro de 2023\t\t<\/span>\n\t\t\t\t<span class=\"elementor-post-avatar\">\n\t\t\t<span class=\"dsq-postid\" data-dsqidentifier=\"1419 https:\/\/compp.ufn.edu.br\/?post_type=portfolio&#038;p=1419\">Nenhum coment\u00e1rio<\/span>\t\t<\/span>\n\t\t\t\t<\/div>\n\t\t\t\t\t<\/div>\n\t\t<\/article>\n\t\t\t\t<\/div>\n\t\t\t\t\t<span class=\"e-load-more-spinner\">\n\t\t\t\t<svg aria-hidden=\"true\" class=\"e-font-icon-svg e-fas-spinner\" viewBox=\"0 0 512 512\" xmlns=\"http:\/\/www.w3.org\/2000\/svg\"><path d=\"M304 48c0 26.51-21.49 48-48 48s-48-21.49-48-48 21.49-48 48-48 48 21.49 48 48zm-48 368c-26.51 0-48 21.49-48 48s21.49 48 48 48 48-21.49 48-48-21.49-48-48-48zm208-208c-26.51 0-48 21.49-48 48s21.49 48 48 48 48-21.49 48-48-21.49-48-48-48zM96 256c0-26.51-21.49-48-48-48S0 229.49 0 256s21.49 48 48 48 48-21.49 48-48zm12.922 99.078c-26.51 0-48 21.49-48 48s21.49 48 48 48 48-21.49 48-48c0-26.509-21.491-48-48-48zm294.156 0c-26.51 0-48 21.49-48 48s21.49 48 48 48 48-21.49 48-48c0-26.509-21.49-48-48-48zM108.922 60.922c-26.51 0-48 21.49-48 48s21.49 48 48 48 48-21.49 48-48-21.491-48-48-48z\"><\/path><\/svg>\t\t\t<\/span>\n\t\t\n\t\t\t\t\t\t<\/div>\n\t\t\t\t<\/div>\n\t\t\t\t\t<\/div>\n\t\t<\/div>\n\t\t\t\t\t<\/div>\n\t\t<\/section>\n\t\t\t\t\t<\/div>\n\t\t<\/div>\n\t\t\t\t\t<\/div>\n\t\t<\/section>\n\t\t\t\t<section class=\"elementor-section elementor-top-section elementor-element elementor-element-9d45d39 elementor-section-boxed elementor-section-height-default elementor-section-height-default\" data-id=\"9d45d39\" data-element_type=\"section\">\n\t\t\t\t\t\t<div class=\"elementor-container elementor-column-gap-default\">\n\t\t\t\t\t<div class=\"elementor-column elementor-col-100 elementor-top-column elementor-element elementor-element-d1c0628\" data-id=\"d1c0628\" data-element_type=\"column\">\n\t\t\t<div class=\"elementor-widget-wrap elementor-element-populated\">\n\t\t\t\t\t\t<div class=\"elementor-element elementor-element-567e8e3 elementor-widget elementor-widget-spacer\" data-id=\"567e8e3\" data-element_type=\"widget\" data-widget_type=\"spacer.default\">\n\t\t\t\t<div class=\"elementor-widget-container\">\n\t\t\t\t\t\t\t<div class=\"elementor-spacer\">\n\t\t\t<div class=\"elementor-spacer-inner\"><\/div>\n\t\t<\/div>\n\t\t\t\t\t\t<\/div>\n\t\t\t\t<\/div>\n\t\t\t\t<div class=\"elementor-element elementor-element-383ec57 elementor-widget elementor-widget-heading\" data-id=\"383ec57\" data-element_type=\"widget\" data-widget_type=\"heading.default\">\n\t\t\t\t<div class=\"elementor-widget-container\">\n\t\t\t\t\t<h3 class=\"elementor-heading-title elementor-size-default\">projetos 2022<\/h3>\t\t\t\t<\/div>\n\t\t\t\t<\/div>\n\t\t\t\t<section class=\"elementor-section elementor-inner-section elementor-element elementor-element-394f0ea elementor-section-boxed elementor-section-height-default elementor-section-height-default\" data-id=\"394f0ea\" data-element_type=\"section\">\n\t\t\t\t\t\t<div class=\"elementor-container elementor-column-gap-default\">\n\t\t\t\t\t<div class=\"elementor-column elementor-col-100 elementor-inner-column elementor-element elementor-element-cb506b9\" data-id=\"cb506b9\" data-element_type=\"column\">\n\t\t\t<div class=\"elementor-widget-wrap elementor-element-populated\">\n\t\t\t\t\t\t\t<\/div>\n\t\t<\/div>\n\t\t\t\t\t<\/div>\n\t\t<\/section>\n\t\t\t\t\t<\/div>\n\t\t<\/div>\n\t\t\t\t\t<\/div>\n\t\t<\/section>\n\t\t\t\t<section class=\"elementor-section elementor-top-section elementor-element elementor-element-2942c8a elementor-section-boxed elementor-section-height-default elementor-section-height-default\" data-id=\"2942c8a\" data-element_type=\"section\">\n\t\t\t\t\t\t<div class=\"elementor-container elementor-column-gap-default\">\n\t\t\t\t\t<div class=\"elementor-column elementor-col-100 elementor-top-column elementor-element elementor-element-5224c95\" data-id=\"5224c95\" data-element_type=\"column\">\n\t\t\t<div class=\"elementor-widget-wrap elementor-element-populated\">\n\t\t\t\t\t\t<div class=\"elementor-element elementor-element-f88c11e elementor-widget elementor-widget-spacer\" data-id=\"f88c11e\" data-element_type=\"widget\" data-widget_type=\"spacer.default\">\n\t\t\t\t<div class=\"elementor-widget-container\">\n\t\t\t\t\t\t\t<div class=\"elementor-spacer\">\n\t\t\t<div class=\"elementor-spacer-inner\"><\/div>\n\t\t<\/div>\n\t\t\t\t\t\t<\/div>\n\t\t\t\t<\/div>\n\t\t\t\t<div class=\"elementor-element elementor-element-fded3dd elementor-widget elementor-widget-heading\" data-id=\"fded3dd\" data-element_type=\"widget\" data-widget_type=\"heading.default\">\n\t\t\t\t<div class=\"elementor-widget-container\">\n\t\t\t\t\t<h3 class=\"elementor-heading-title elementor-size-default\">projetos 2021<\/h3>\t\t\t\t<\/div>\n\t\t\t\t<\/div>\n\t\t\t\t<section class=\"elementor-section elementor-inner-section elementor-element elementor-element-fdab592 elementor-section-boxed elementor-section-height-default elementor-section-height-default\" data-id=\"fdab592\" data-element_type=\"section\">\n\t\t\t\t\t\t<div class=\"elementor-container elementor-column-gap-default\">\n\t\t\t\t\t<div class=\"elementor-column elementor-col-100 elementor-inner-column elementor-element elementor-element-0fc91c1\" data-id=\"0fc91c1\" data-element_type=\"column\">\n\t\t\t<div class=\"elementor-widget-wrap elementor-element-populated\">\n\t\t\t\t\t\t<div class=\"elementor-element elementor-element-643132f elementor-grid-3 elementor-grid-tablet-2 elementor-grid-mobile-1 elementor-posts--thumbnail-top elementor-card-shadow-yes elementor-posts__hover-gradient load-more-align-center elementor-widget elementor-widget-posts\" data-id=\"643132f\" data-element_type=\"widget\" data-settings=\"{&quot;pagination_type&quot;:&quot;load_more_on_click&quot;,&quot;cards_columns&quot;:&quot;3&quot;,&quot;cards_columns_tablet&quot;:&quot;2&quot;,&quot;cards_columns_mobile&quot;:&quot;1&quot;,&quot;cards_row_gap&quot;:{&quot;unit&quot;:&quot;px&quot;,&quot;size&quot;:35,&quot;sizes&quot;:[]},&quot;cards_row_gap_tablet&quot;:{&quot;unit&quot;:&quot;px&quot;,&quot;size&quot;:&quot;&quot;,&quot;sizes&quot;:[]},&quot;cards_row_gap_mobile&quot;:{&quot;unit&quot;:&quot;px&quot;,&quot;size&quot;:&quot;&quot;,&quot;sizes&quot;:[]},&quot;load_more_spinner&quot;:{&quot;value&quot;:&quot;fas fa-spinner&quot;,&quot;library&quot;:&quot;fa-solid&quot;}}\" data-widget_type=\"posts.cards\">\n\t\t\t\t<div class=\"elementor-widget-container\">\n\t\t\t\t\t\t\t<div class=\"elementor-posts-container elementor-posts elementor-posts--skin-cards elementor-grid\" role=\"list\">\n\t\t\t\t<article class=\"elementor-post elementor-grid-item post-1417 portfolio type-portfolio status-publish has-post-thumbnail hentry portfolio_category-30\" role=\"listitem\">\n\t\t\t<div class=\"elementor-post__card\">\n\t\t\t\t<a class=\"elementor-post__thumbnail__link\" href=\"https:\/\/compp.ufn.edu.br\/?portfolio=projeto-compartilhando-afeto\" tabindex=\"-1\" ><div class=\"elementor-post__thumbnail\"><img loading=\"lazy\" decoding=\"async\" width=\"300\" height=\"188\" src=\"https:\/\/compp.ufn.edu.br\/wp-content\/uploads\/2023\/12\/compartilhamento-afeto-300x188.png\" class=\"attachment-medium size-medium wp-image-1467\" alt=\"\" srcset=\"https:\/\/compp.ufn.edu.br\/wp-content\/uploads\/2023\/12\/compartilhamento-afeto-300x188.png 300w, https:\/\/compp.ufn.edu.br\/wp-content\/uploads\/2023\/12\/compartilhamento-afeto.png 480w\" sizes=\"(max-width: 300px) 100vw, 300px\" \/><\/div><\/a>\n\t\t\t\t<div class=\"elementor-post__text\">\n\t\t\t\t<h3 class=\"elementor-post__title\">\n\t\t\t<a href=\"https:\/\/compp.ufn.edu.br\/?portfolio=projeto-compartilhando-afeto\" >\n\t\t\t\tProjeto Compartilhando Afeto\u00a0\t\t\t<\/a>\n\t\t<\/h3>\n\t\t\t\t<div class=\"elementor-post__excerpt\">\n\t\t\t<p>O projeto Compartilhando Afeto teve como objetivo auxiliar pais que se encontravam em dificuldades causadas pela pandemia de Covid-19. Os acad\u00eamicos perceberam atrav\u00e9s de pesquisas<\/p>\n\t\t<\/div>\n\t\t\n\t\t<a class=\"elementor-post__read-more\" href=\"https:\/\/compp.ufn.edu.br\/?portfolio=projeto-compartilhando-afeto\" aria-label=\"Leia mais sobre Projeto Compartilhando Afeto\u00a0\" tabindex=\"-1\" >\n\t\t\tLer mais \u00bb\t\t<\/a>\n\n\t\t\t\t<\/div>\n\t\t\t\t<div class=\"elementor-post__meta-data\">\n\t\t\t\t\t<span class=\"elementor-post-date\">\n\t\t\t5 de dezembro de 2023\t\t<\/span>\n\t\t\t\t<span class=\"elementor-post-avatar\">\n\t\t\t<span class=\"dsq-postid\" data-dsqidentifier=\"1417 https:\/\/compp.ufn.edu.br\/?post_type=portfolio&#038;p=1417\">Nenhum coment\u00e1rio<\/span>\t\t<\/span>\n\t\t\t\t<\/div>\n\t\t\t\t\t<\/div>\n\t\t<\/article>\n\t\t\t\t<article class=\"elementor-post elementor-grid-item post-1415 portfolio type-portfolio status-publish has-post-thumbnail hentry portfolio_category-30\" role=\"listitem\">\n\t\t\t<div class=\"elementor-post__card\">\n\t\t\t\t<a class=\"elementor-post__thumbnail__link\" href=\"https:\/\/compp.ufn.edu.br\/?portfolio=projeto-tira-um-tempo\" tabindex=\"-1\" ><div class=\"elementor-post__thumbnail\"><img loading=\"lazy\" decoding=\"async\" width=\"300\" height=\"188\" src=\"https:\/\/compp.ufn.edu.br\/wp-content\/uploads\/2023\/12\/tira-um-tempo-300x188.png\" class=\"attachment-medium size-medium wp-image-1468\" alt=\"\" srcset=\"https:\/\/compp.ufn.edu.br\/wp-content\/uploads\/2023\/12\/tira-um-tempo-300x188.png 300w, https:\/\/compp.ufn.edu.br\/wp-content\/uploads\/2023\/12\/tira-um-tempo.png 480w\" sizes=\"(max-width: 300px) 100vw, 300px\" \/><\/div><\/a>\n\t\t\t\t<div class=\"elementor-post__text\">\n\t\t\t\t<h3 class=\"elementor-post__title\">\n\t\t\t<a href=\"https:\/\/compp.ufn.edu.br\/?portfolio=projeto-tira-um-tempo\" >\n\t\t\t\tProjeto tira um tempo\t\t\t<\/a>\n\t\t<\/h3>\n\t\t\t\t<div class=\"elementor-post__excerpt\">\n\t\t\t<p>O projeto tira um tempo teve o intuito promover cuidados \u00e0 sa\u00fade mental durante o per\u00edodo de isolamento causado pela pandemia de Covid-19. Foi percebido<\/p>\n\t\t<\/div>\n\t\t\n\t\t<a class=\"elementor-post__read-more\" href=\"https:\/\/compp.ufn.edu.br\/?portfolio=projeto-tira-um-tempo\" aria-label=\"Leia mais sobre Projeto tira um tempo\" tabindex=\"-1\" >\n\t\t\tLer mais \u00bb\t\t<\/a>\n\n\t\t\t\t<\/div>\n\t\t\t\t<div class=\"elementor-post__meta-data\">\n\t\t\t\t\t<span class=\"elementor-post-date\">\n\t\t\t5 de dezembro de 2023\t\t<\/span>\n\t\t\t\t<span class=\"elementor-post-avatar\">\n\t\t\t<span class=\"dsq-postid\" data-dsqidentifier=\"1415 https:\/\/compp.ufn.edu.br\/?post_type=portfolio&#038;p=1415\">Nenhum coment\u00e1rio<\/span>\t\t<\/span>\n\t\t\t\t<\/div>\n\t\t\t\t\t<\/div>\n\t\t<\/article>\n\t\t\t\t<\/div>\n\t\t\t\t\t<span class=\"e-load-more-spinner\">\n\t\t\t\t<svg aria-hidden=\"true\" class=\"e-font-icon-svg e-fas-spinner\" viewBox=\"0 0 512 512\" xmlns=\"http:\/\/www.w3.org\/2000\/svg\"><path d=\"M304 48c0 26.51-21.49 48-48 48s-48-21.49-48-48 21.49-48 48-48 48 21.49 48 48zm-48 368c-26.51 0-48 21.49-48 48s21.49 48 48 48 48-21.49 48-48-21.49-48-48-48zm208-208c-26.51 0-48 21.49-48 48s21.49 48 48 48 48-21.49 48-48-21.49-48-48-48zM96 256c0-26.51-21.49-48-48-48S0 229.49 0 256s21.49 48 48 48 48-21.49 48-48zm12.922 99.078c-26.51 0-48 21.49-48 48s21.49 48 48 48 48-21.49 48-48c0-26.509-21.491-48-48-48zm294.156 0c-26.51 0-48 21.49-48 48s21.49 48 48 48 48-21.49 48-48c0-26.509-21.49-48-48-48zM108.922 60.922c-26.51 0-48 21.49-48 48s21.49 48 48 48 48-21.49 48-48-21.491-48-48-48z\"><\/path><\/svg>\t\t\t<\/span>\n\t\t\n\t\t\t\t\t\t<\/div>\n\t\t\t\t<\/div>\n\t\t\t\t\t<\/div>\n\t\t<\/div>\n\t\t\t\t\t<\/div>\n\t\t<\/section>\n\t\t\t\t\t<\/div>\n\t\t<\/div>\n\t\t\t\t\t<\/div>\n\t\t<\/section>\n\t\t\t\t<section class=\"elementor-section elementor-top-section elementor-element elementor-element-4c823b9 elementor-section-boxed elementor-section-height-default elementor-section-height-default\" data-id=\"4c823b9\" data-element_type=\"section\">\n\t\t\t\t\t\t<div class=\"elementor-container elementor-column-gap-default\">\n\t\t\t\t\t<div class=\"elementor-column elementor-col-100 elementor-top-column elementor-element elementor-element-cc00afb\" data-id=\"cc00afb\" data-element_type=\"column\">\n\t\t\t<div class=\"elementor-widget-wrap elementor-element-populated\">\n\t\t\t\t\t\t<div class=\"elementor-element elementor-element-4d62579 elementor-widget elementor-widget-spacer\" data-id=\"4d62579\" data-element_type=\"widget\" data-widget_type=\"spacer.default\">\n\t\t\t\t<div class=\"elementor-widget-container\">\n\t\t\t\t\t\t\t<div class=\"elementor-spacer\">\n\t\t\t<div class=\"elementor-spacer-inner\"><\/div>\n\t\t<\/div>\n\t\t\t\t\t\t<\/div>\n\t\t\t\t<\/div>\n\t\t\t\t<div class=\"elementor-element elementor-element-a941bc0 elementor-widget elementor-widget-heading\" data-id=\"a941bc0\" data-element_type=\"widget\" data-widget_type=\"heading.default\">\n\t\t\t\t<div class=\"elementor-widget-container\">\n\t\t\t\t\t<h3 class=\"elementor-heading-title elementor-size-default\">projetos 2020<\/h3>\t\t\t\t<\/div>\n\t\t\t\t<\/div>\n\t\t\t\t<section class=\"elementor-section elementor-inner-section elementor-element elementor-element-4262288 elementor-section-boxed elementor-section-height-default elementor-section-height-default\" data-id=\"4262288\" data-element_type=\"section\">\n\t\t\t\t\t\t<div class=\"elementor-container elementor-column-gap-default\">\n\t\t\t\t\t<div class=\"elementor-column elementor-col-100 elementor-inner-column elementor-element elementor-element-0eb1c02\" data-id=\"0eb1c02\" data-element_type=\"column\">\n\t\t\t<div class=\"elementor-widget-wrap elementor-element-populated\">\n\t\t\t\t\t\t<div class=\"elementor-element elementor-element-652a0b6 elementor-grid-3 elementor-grid-tablet-2 elementor-grid-mobile-1 elementor-posts--thumbnail-top elementor-card-shadow-yes elementor-posts__hover-gradient load-more-align-center elementor-widget elementor-widget-posts\" data-id=\"652a0b6\" data-element_type=\"widget\" data-settings=\"{&quot;pagination_type&quot;:&quot;load_more_on_click&quot;,&quot;cards_columns&quot;:&quot;3&quot;,&quot;cards_columns_tablet&quot;:&quot;2&quot;,&quot;cards_columns_mobile&quot;:&quot;1&quot;,&quot;cards_row_gap&quot;:{&quot;unit&quot;:&quot;px&quot;,&quot;size&quot;:35,&quot;sizes&quot;:[]},&quot;cards_row_gap_tablet&quot;:{&quot;unit&quot;:&quot;px&quot;,&quot;size&quot;:&quot;&quot;,&quot;sizes&quot;:[]},&quot;cards_row_gap_mobile&quot;:{&quot;unit&quot;:&quot;px&quot;,&quot;size&quot;:&quot;&quot;,&quot;sizes&quot;:[]},&quot;load_more_spinner&quot;:{&quot;value&quot;:&quot;fas fa-spinner&quot;,&quot;library&quot;:&quot;fa-solid&quot;}}\" data-widget_type=\"posts.cards\">\n\t\t\t\t<div class=\"elementor-widget-container\">\n\t\t\t\t\t\t\t<div class=\"elementor-posts-container elementor-posts elementor-posts--skin-cards elementor-grid\" role=\"list\">\n\t\t\t\t<article class=\"elementor-post elementor-grid-item post-1433 portfolio type-portfolio status-publish has-post-thumbnail hentry portfolio_category-29\" role=\"listitem\">\n\t\t\t<div class=\"elementor-post__card\">\n\t\t\t\t<a class=\"elementor-post__thumbnail__link\" href=\"https:\/\/compp.ufn.edu.br\/?portfolio=encanta\" tabindex=\"-1\" ><div class=\"elementor-post__thumbnail\"><img loading=\"lazy\" decoding=\"async\" width=\"300\" height=\"188\" src=\"https:\/\/compp.ufn.edu.br\/wp-content\/uploads\/2023\/12\/Orquestrando-arte-300x188.png\" class=\"attachment-medium size-medium wp-image-1461\" alt=\"\" srcset=\"https:\/\/compp.ufn.edu.br\/wp-content\/uploads\/2023\/12\/Orquestrando-arte-300x188.png 300w, https:\/\/compp.ufn.edu.br\/wp-content\/uploads\/2023\/12\/Orquestrando-arte.png 480w\" sizes=\"(max-width: 300px) 100vw, 300px\" \/><\/div><\/a>\n\t\t\t\t<div class=\"elementor-post__text\">\n\t\t\t\t<h3 class=\"elementor-post__title\">\n\t\t\t<a href=\"https:\/\/compp.ufn.edu.br\/?portfolio=encanta\" >\n\t\t\t\tEncanta\t\t\t<\/a>\n\t\t<\/h3>\n\t\t\t\t<div class=\"elementor-post__excerpt\">\n\t\t\t<p>A Associa\u00e7\u00e3o Orquestrando Arte \u00e9 uma institui\u00e7\u00e3o beneficente, sem fins lucrativos, fundada em 2014, atuando na cidade de Santa Maria\/RS. Tem como objetivo promover a<\/p>\n\t\t<\/div>\n\t\t\n\t\t<a class=\"elementor-post__read-more\" href=\"https:\/\/compp.ufn.edu.br\/?portfolio=encanta\" aria-label=\"Leia mais sobre Encanta\" tabindex=\"-1\" >\n\t\t\tLer mais \u00bb\t\t<\/a>\n\n\t\t\t\t<\/div>\n\t\t\t\t<div class=\"elementor-post__meta-data\">\n\t\t\t\t\t<span class=\"elementor-post-date\">\n\t\t\t5 de dezembro de 2023\t\t<\/span>\n\t\t\t\t<span class=\"elementor-post-avatar\">\n\t\t\t<span class=\"dsq-postid\" data-dsqidentifier=\"1433 https:\/\/compp.ufn.edu.br\/?post_type=portfolio&#038;p=1433\">Nenhum coment\u00e1rio<\/span>\t\t<\/span>\n\t\t\t\t<\/div>\n\t\t\t\t\t<\/div>\n\t\t<\/article>\n\t\t\t\t<article class=\"elementor-post elementor-grid-item post-1431 portfolio type-portfolio status-publish has-post-thumbnail hentry portfolio_category-29\" role=\"listitem\">\n\t\t\t<div class=\"elementor-post__card\">\n\t\t\t\t<a class=\"elementor-post__thumbnail__link\" href=\"https:\/\/compp.ufn.edu.br\/?portfolio=orquestrando-em-foco\" tabindex=\"-1\" ><div class=\"elementor-post__thumbnail\"><img loading=\"lazy\" decoding=\"async\" width=\"300\" height=\"188\" src=\"https:\/\/compp.ufn.edu.br\/wp-content\/uploads\/2023\/12\/Orquestrando-arte-300x188.png\" class=\"attachment-medium size-medium wp-image-1461\" alt=\"\" srcset=\"https:\/\/compp.ufn.edu.br\/wp-content\/uploads\/2023\/12\/Orquestrando-arte-300x188.png 300w, https:\/\/compp.ufn.edu.br\/wp-content\/uploads\/2023\/12\/Orquestrando-arte.png 480w\" sizes=\"(max-width: 300px) 100vw, 300px\" \/><\/div><\/a>\n\t\t\t\t<div class=\"elementor-post__text\">\n\t\t\t\t<h3 class=\"elementor-post__title\">\n\t\t\t<a href=\"https:\/\/compp.ufn.edu.br\/?portfolio=orquestrando-em-foco\" >\n\t\t\t\tOrquestrando em foco\u00a0\t\t\t<\/a>\n\t\t<\/h3>\n\t\t\t\t<div class=\"elementor-post__excerpt\">\n\t\t\t<p>A Associa\u00e7\u00e3o Orquestrando Arte \u00e9 uma institui\u00e7\u00e3o beneficente, sem fins lucrativos, fundada em 2014, atuando na cidade de Santa Maria\/RS. Tem como objetivo promover a<\/p>\n\t\t<\/div>\n\t\t\n\t\t<a class=\"elementor-post__read-more\" href=\"https:\/\/compp.ufn.edu.br\/?portfolio=orquestrando-em-foco\" aria-label=\"Leia mais sobre Orquestrando em foco\u00a0\" tabindex=\"-1\" >\n\t\t\tLer mais \u00bb\t\t<\/a>\n\n\t\t\t\t<\/div>\n\t\t\t\t<div class=\"elementor-post__meta-data\">\n\t\t\t\t\t<span class=\"elementor-post-date\">\n\t\t\t5 de dezembro de 2023\t\t<\/span>\n\t\t\t\t<span class=\"elementor-post-avatar\">\n\t\t\t<span class=\"dsq-postid\" data-dsqidentifier=\"1431 https:\/\/compp.ufn.edu.br\/?post_type=portfolio&#038;p=1431\">Nenhum coment\u00e1rio<\/span>\t\t<\/span>\n\t\t\t\t<\/div>\n\t\t\t\t\t<\/div>\n\t\t<\/article>\n\t\t\t\t<\/div>\n\t\t\t\t\t<span class=\"e-load-more-spinner\">\n\t\t\t\t<svg aria-hidden=\"true\" class=\"e-font-icon-svg e-fas-spinner\" viewBox=\"0 0 512 512\" xmlns=\"http:\/\/www.w3.org\/2000\/svg\"><path d=\"M304 48c0 26.51-21.49 48-48 48s-48-21.49-48-48 21.49-48 48-48 48 21.49 48 48zm-48 368c-26.51 0-48 21.49-48 48s21.49 48 48 48 48-21.49 48-48-21.49-48-48-48zm208-208c-26.51 0-48 21.49-48 48s21.49 48 48 48 48-21.49 48-48-21.49-48-48-48zM96 256c0-26.51-21.49-48-48-48S0 229.49 0 256s21.49 48 48 48 48-21.49 48-48zm12.922 99.078c-26.51 0-48 21.49-48 48s21.49 48 48 48 48-21.49 48-48c0-26.509-21.491-48-48-48zm294.156 0c-26.51 0-48 21.49-48 48s21.49 48 48 48 48-21.49 48-48c0-26.509-21.49-48-48-48zM108.922 60.922c-26.51 0-48 21.49-48 48s21.49 48 48 48 48-21.49 48-48-21.491-48-48-48z\"><\/path><\/svg>\t\t\t<\/span>\n\t\t\n\t\t\t\t\t\t<\/div>\n\t\t\t\t<\/div>\n\t\t\t\t\t<\/div>\n\t\t<\/div>\n\t\t\t\t\t<\/div>\n\t\t<\/section>\n\t\t\t\t\t<\/div>\n\t\t<\/div>\n\t\t\t\t\t<\/div>\n\t\t<\/section>\n\t\t\t\t<section class=\"elementor-section elementor-top-section elementor-element elementor-element-97267e4 elementor-section-boxed elementor-section-height-default elementor-section-height-default\" data-id=\"97267e4\" data-element_type=\"section\">\n\t\t\t\t\t\t<div class=\"elementor-container elementor-column-gap-default\">\n\t\t\t\t\t<div class=\"elementor-column elementor-col-100 elementor-top-column elementor-element elementor-element-166bcb3\" data-id=\"166bcb3\" data-element_type=\"column\">\n\t\t\t<div class=\"elementor-widget-wrap elementor-element-populated\">\n\t\t\t\t\t\t<div class=\"elementor-element elementor-element-6652724 elementor-widget elementor-widget-spacer\" data-id=\"6652724\" data-element_type=\"widget\" data-widget_type=\"spacer.default\">\n\t\t\t\t<div class=\"elementor-widget-container\">\n\t\t\t\t\t\t\t<div class=\"elementor-spacer\">\n\t\t\t<div class=\"elementor-spacer-inner\"><\/div>\n\t\t<\/div>\n\t\t\t\t\t\t<\/div>\n\t\t\t\t<\/div>\n\t\t\t\t<div class=\"elementor-element elementor-element-08238cd elementor-widget elementor-widget-heading\" data-id=\"08238cd\" data-element_type=\"widget\" data-widget_type=\"heading.default\">\n\t\t\t\t<div class=\"elementor-widget-container\">\n\t\t\t\t\t<h3 class=\"elementor-heading-title elementor-size-default\">projetos 2019<\/h3>\t\t\t\t<\/div>\n\t\t\t\t<\/div>\n\t\t\t\t<section class=\"elementor-section elementor-inner-section elementor-element elementor-element-8c0b87c elementor-section-boxed elementor-section-height-default elementor-section-height-default\" data-id=\"8c0b87c\" data-element_type=\"section\">\n\t\t\t\t\t\t<div class=\"elementor-container elementor-column-gap-default\">\n\t\t\t\t\t<div class=\"elementor-column elementor-col-100 elementor-inner-column elementor-element elementor-element-2b97d01\" data-id=\"2b97d01\" data-element_type=\"column\">\n\t\t\t<div class=\"elementor-widget-wrap elementor-element-populated\">\n\t\t\t\t\t\t<div class=\"elementor-element elementor-element-86c58fb elementor-grid-3 elementor-grid-tablet-2 elementor-grid-mobile-1 elementor-posts--thumbnail-top elementor-card-shadow-yes elementor-posts__hover-gradient load-more-align-center elementor-widget elementor-widget-posts\" data-id=\"86c58fb\" data-element_type=\"widget\" data-settings=\"{&quot;pagination_type&quot;:&quot;load_more_on_click&quot;,&quot;cards_columns&quot;:&quot;3&quot;,&quot;cards_columns_tablet&quot;:&quot;2&quot;,&quot;cards_columns_mobile&quot;:&quot;1&quot;,&quot;cards_row_gap&quot;:{&quot;unit&quot;:&quot;px&quot;,&quot;size&quot;:35,&quot;sizes&quot;:[]},&quot;cards_row_gap_tablet&quot;:{&quot;unit&quot;:&quot;px&quot;,&quot;size&quot;:&quot;&quot;,&quot;sizes&quot;:[]},&quot;cards_row_gap_mobile&quot;:{&quot;unit&quot;:&quot;px&quot;,&quot;size&quot;:&quot;&quot;,&quot;sizes&quot;:[]},&quot;load_more_spinner&quot;:{&quot;value&quot;:&quot;fas fa-spinner&quot;,&quot;library&quot;:&quot;fa-solid&quot;}}\" data-widget_type=\"posts.cards\">\n\t\t\t\t<div class=\"elementor-widget-container\">\n\t\t\t\t\t\t\t<div class=\"elementor-posts-container elementor-posts elementor-posts--skin-cards elementor-grid\" role=\"list\">\n\t\t\t\t<article class=\"elementor-post elementor-grid-item post-1429 portfolio type-portfolio status-publish has-post-thumbnail hentry portfolio_category-28\" role=\"listitem\">\n\t\t\t<div class=\"elementor-post__card\">\n\t\t\t\t<a class=\"elementor-post__thumbnail__link\" href=\"https:\/\/compp.ufn.edu.br\/?portfolio=mae-de-todas-as-perguntas\" tabindex=\"-1\" ><div class=\"elementor-post__thumbnail\"><img loading=\"lazy\" decoding=\"async\" width=\"300\" height=\"188\" src=\"https:\/\/compp.ufn.edu.br\/wp-content\/uploads\/2023\/12\/mae-de-todas-as-perguntas-300x188.png\" class=\"attachment-medium size-medium wp-image-1460\" alt=\"\" srcset=\"https:\/\/compp.ufn.edu.br\/wp-content\/uploads\/2023\/12\/mae-de-todas-as-perguntas-300x188.png 300w, https:\/\/compp.ufn.edu.br\/wp-content\/uploads\/2023\/12\/mae-de-todas-as-perguntas.png 480w\" sizes=\"(max-width: 300px) 100vw, 300px\" \/><\/div><\/a>\n\t\t\t\t<div class=\"elementor-post__text\">\n\t\t\t\t<h3 class=\"elementor-post__title\">\n\t\t\t<a href=\"https:\/\/compp.ufn.edu.br\/?portfolio=mae-de-todas-as-perguntas\" >\n\t\t\t\tM\u00e3e de todas as perguntas\t\t\t<\/a>\n\t\t<\/h3>\n\t\t\t\t<div class=\"elementor-post__excerpt\">\n\t\t\t<p>A conscientiza\u00e7\u00e3o sobre as Doen\u00e7as Sexualmente Transmiss\u00edveis (DSTs) desempenha um papel crucial na promo\u00e7\u00e3o da sa\u00fade sexual e na preven\u00e7\u00e3o de consequ\u00eancias adversas. Ao aumentar<\/p>\n\t\t<\/div>\n\t\t\n\t\t<a class=\"elementor-post__read-more\" href=\"https:\/\/compp.ufn.edu.br\/?portfolio=mae-de-todas-as-perguntas\" aria-label=\"Leia mais sobre M\u00e3e de todas as perguntas\" tabindex=\"-1\" >\n\t\t\tLer mais \u00bb\t\t<\/a>\n\n\t\t\t\t<\/div>\n\t\t\t\t<div class=\"elementor-post__meta-data\">\n\t\t\t\t\t<span class=\"elementor-post-date\">\n\t\t\t5 de dezembro de 2023\t\t<\/span>\n\t\t\t\t<span class=\"elementor-post-avatar\">\n\t\t\t<span class=\"dsq-postid\" data-dsqidentifier=\"1429 https:\/\/compp.ufn.edu.br\/?post_type=portfolio&#038;p=1429\">Nenhum coment\u00e1rio<\/span>\t\t<\/span>\n\t\t\t\t<\/div>\n\t\t\t\t\t<\/div>\n\t\t<\/article>\n\t\t\t\t<article class=\"elementor-post elementor-grid-item post-1427 portfolio type-portfolio status-publish has-post-thumbnail hentry portfolio_category-28\" role=\"listitem\">\n\t\t\t<div class=\"elementor-post__card\">\n\t\t\t\t<a class=\"elementor-post__thumbnail__link\" href=\"https:\/\/compp.ufn.edu.br\/?portfolio=perspectiva\" tabindex=\"-1\" ><div class=\"elementor-post__thumbnail\"><img loading=\"lazy\" decoding=\"async\" width=\"300\" height=\"188\" src=\"https:\/\/compp.ufn.edu.br\/wp-content\/uploads\/2023\/12\/escola-300x188.png\" class=\"attachment-medium size-medium wp-image-1462\" alt=\"\" srcset=\"https:\/\/compp.ufn.edu.br\/wp-content\/uploads\/2023\/12\/escola-300x188.png 300w, https:\/\/compp.ufn.edu.br\/wp-content\/uploads\/2023\/12\/escola.png 480w\" sizes=\"(max-width: 300px) 100vw, 300px\" \/><\/div><\/a>\n\t\t\t\t<div class=\"elementor-post__text\">\n\t\t\t\t<h3 class=\"elementor-post__title\">\n\t\t\t<a href=\"https:\/\/compp.ufn.edu.br\/?portfolio=perspectiva\" >\n\t\t\t\tPerspectiva\t\t\t<\/a>\n\t\t<\/h3>\n\t\t\t\t<div class=\"elementor-post__excerpt\">\n\t\t\t<p>Estudos indicavam que muitos estudantes desistem da escola por fatores como falta de interesse, estarem defasados em rela\u00e7\u00e3o \u00e0 s\u00e9rie\/idade, conseguirem coloca\u00e7\u00e3o no mercado de<\/p>\n\t\t<\/div>\n\t\t\n\t\t<a class=\"elementor-post__read-more\" href=\"https:\/\/compp.ufn.edu.br\/?portfolio=perspectiva\" aria-label=\"Leia mais sobre Perspectiva\" tabindex=\"-1\" >\n\t\t\tLer mais \u00bb\t\t<\/a>\n\n\t\t\t\t<\/div>\n\t\t\t\t<div class=\"elementor-post__meta-data\">\n\t\t\t\t\t<span class=\"elementor-post-date\">\n\t\t\t5 de dezembro de 2023\t\t<\/span>\n\t\t\t\t<span class=\"elementor-post-avatar\">\n\t\t\t<span class=\"dsq-postid\" data-dsqidentifier=\"1427 https:\/\/compp.ufn.edu.br\/?post_type=portfolio&#038;p=1427\">Nenhum coment\u00e1rio<\/span>\t\t<\/span>\n\t\t\t\t<\/div>\n\t\t\t\t\t<\/div>\n\t\t<\/article>\n\t\t\t\t<article class=\"elementor-post elementor-grid-item post-1411 portfolio type-portfolio status-publish has-post-thumbnail hentry portfolio_category-28\" role=\"listitem\">\n\t\t\t<div class=\"elementor-post__card\">\n\t\t\t\t<a class=\"elementor-post__thumbnail__link\" href=\"https:\/\/compp.ufn.edu.br\/?portfolio=meu-talento-e-show\" tabindex=\"-1\" ><div class=\"elementor-post__thumbnail\"><img loading=\"lazy\" decoding=\"async\" width=\"300\" height=\"188\" src=\"https:\/\/compp.ufn.edu.br\/wp-content\/uploads\/2023\/12\/escola-300x188.png\" class=\"attachment-medium size-medium wp-image-1462\" alt=\"\" srcset=\"https:\/\/compp.ufn.edu.br\/wp-content\/uploads\/2023\/12\/escola-300x188.png 300w, https:\/\/compp.ufn.edu.br\/wp-content\/uploads\/2023\/12\/escola.png 480w\" sizes=\"(max-width: 300px) 100vw, 300px\" \/><\/div><\/a>\n\t\t\t\t<div class=\"elementor-post__text\">\n\t\t\t\t<h3 class=\"elementor-post__title\">\n\t\t\t<a href=\"https:\/\/compp.ufn.edu.br\/?portfolio=meu-talento-e-show\" >\n\t\t\t\tMeu talento \u00e9 show\t\t\t<\/a>\n\t\t<\/h3>\n\t\t\t\t<div class=\"elementor-post__excerpt\">\n\t\t\t<p>A escola \u00e9 um ambiente importante na forma\u00e7\u00e3o das personalidades dos alunos. Tamb\u00e9m \u00e9 um local de desenvolvimento de habilidades e voca\u00e7\u00f5es, onde cada crian\u00e7a<\/p>\n\t\t<\/div>\n\t\t\n\t\t<a class=\"elementor-post__read-more\" href=\"https:\/\/compp.ufn.edu.br\/?portfolio=meu-talento-e-show\" aria-label=\"Leia mais sobre Meu talento \u00e9 show\" tabindex=\"-1\" >\n\t\t\tLer mais \u00bb\t\t<\/a>\n\n\t\t\t\t<\/div>\n\t\t\t\t<div class=\"elementor-post__meta-data\">\n\t\t\t\t\t<span class=\"elementor-post-date\">\n\t\t\t5 de dezembro de 2023\t\t<\/span>\n\t\t\t\t<span class=\"elementor-post-avatar\">\n\t\t\t<span class=\"dsq-postid\" data-dsqidentifier=\"1411 https:\/\/compp.ufn.edu.br\/?post_type=portfolio&#038;p=1411\">Nenhum coment\u00e1rio<\/span>\t\t<\/span>\n\t\t\t\t<\/div>\n\t\t\t\t\t<\/div>\n\t\t<\/article>\n\t\t\t\t<\/div>\n\t\t\t\t\t<span class=\"e-load-more-spinner\">\n\t\t\t\t<svg aria-hidden=\"true\" class=\"e-font-icon-svg e-fas-spinner\" viewBox=\"0 0 512 512\" xmlns=\"http:\/\/www.w3.org\/2000\/svg\"><path d=\"M304 48c0 26.51-21.49 48-48 48s-48-21.49-48-48 21.49-48 48-48 48 21.49 48 48zm-48 368c-26.51 0-48 21.49-48 48s21.49 48 48 48 48-21.49 48-48-21.49-48-48-48zm208-208c-26.51 0-48 21.49-48 48s21.49 48 48 48 48-21.49 48-48-21.49-48-48-48zM96 256c0-26.51-21.49-48-48-48S0 229.49 0 256s21.49 48 48 48 48-21.49 48-48zm12.922 99.078c-26.51 0-48 21.49-48 48s21.49 48 48 48 48-21.49 48-48c0-26.509-21.491-48-48-48zm294.156 0c-26.51 0-48 21.49-48 48s21.49 48 48 48 48-21.49 48-48c0-26.509-21.49-48-48-48zM108.922 60.922c-26.51 0-48 21.49-48 48s21.49 48 48 48 48-21.49 48-48-21.491-48-48-48z\"><\/path><\/svg>\t\t\t<\/span>\n\t\t\n\t\t\t\t\t\t<\/div>\n\t\t\t\t<\/div>\n\t\t\t\t\t<\/div>\n\t\t<\/div>\n\t\t\t\t\t<\/div>\n\t\t<\/section>\n\t\t\t\t\t<\/div>\n\t\t<\/div>\n\t\t\t\t\t<\/div>\n\t\t<\/section>\n\t\t\t\t<section class=\"elementor-section elementor-top-section elementor-element elementor-element-988774f elementor-section-boxed elementor-section-height-default elementor-section-height-default\" data-id=\"988774f\" data-element_type=\"section\">\n\t\t\t\t\t\t<div class=\"elementor-container elementor-column-gap-default\">\n\t\t\t\t\t<div class=\"elementor-column elementor-col-100 elementor-top-column elementor-element elementor-element-30cd236\" data-id=\"30cd236\" data-element_type=\"column\">\n\t\t\t<div class=\"elementor-widget-wrap elementor-element-populated\">\n\t\t\t\t\t\t<div class=\"elementor-element elementor-element-bea0fb2 elementor-widget elementor-widget-spacer\" data-id=\"bea0fb2\" data-element_type=\"widget\" data-widget_type=\"spacer.default\">\n\t\t\t\t<div class=\"elementor-widget-container\">\n\t\t\t\t\t\t\t<div class=\"elementor-spacer\">\n\t\t\t<div class=\"elementor-spacer-inner\"><\/div>\n\t\t<\/div>\n\t\t\t\t\t\t<\/div>\n\t\t\t\t<\/div>\n\t\t\t\t<div class=\"elementor-element elementor-element-e11f9eb elementor-widget elementor-widget-heading\" data-id=\"e11f9eb\" data-element_type=\"widget\" data-widget_type=\"heading.default\">\n\t\t\t\t<div class=\"elementor-widget-container\">\n\t\t\t\t\t<h3 class=\"elementor-heading-title elementor-size-default\">projetos 2018<\/h3>\t\t\t\t<\/div>\n\t\t\t\t<\/div>\n\t\t\t\t<section class=\"elementor-section elementor-inner-section elementor-element elementor-element-918638a elementor-section-boxed elementor-section-height-default elementor-section-height-default\" data-id=\"918638a\" data-element_type=\"section\">\n\t\t\t\t\t\t<div class=\"elementor-container elementor-column-gap-default\">\n\t\t\t\t\t<div class=\"elementor-column elementor-col-100 elementor-inner-column elementor-element elementor-element-1310f28\" data-id=\"1310f28\" data-element_type=\"column\">\n\t\t\t<div class=\"elementor-widget-wrap elementor-element-populated\">\n\t\t\t\t\t\t<div class=\"elementor-element elementor-element-ee9ae73 elementor-grid-3 elementor-grid-tablet-2 elementor-grid-mobile-1 elementor-posts--thumbnail-top elementor-card-shadow-yes elementor-posts__hover-gradient load-more-align-center elementor-widget elementor-widget-posts\" data-id=\"ee9ae73\" data-element_type=\"widget\" data-settings=\"{&quot;pagination_type&quot;:&quot;load_more_on_click&quot;,&quot;cards_columns&quot;:&quot;3&quot;,&quot;cards_columns_tablet&quot;:&quot;2&quot;,&quot;cards_columns_mobile&quot;:&quot;1&quot;,&quot;cards_row_gap&quot;:{&quot;unit&quot;:&quot;px&quot;,&quot;size&quot;:35,&quot;sizes&quot;:[]},&quot;cards_row_gap_tablet&quot;:{&quot;unit&quot;:&quot;px&quot;,&quot;size&quot;:&quot;&quot;,&quot;sizes&quot;:[]},&quot;cards_row_gap_mobile&quot;:{&quot;unit&quot;:&quot;px&quot;,&quot;size&quot;:&quot;&quot;,&quot;sizes&quot;:[]},&quot;load_more_spinner&quot;:{&quot;value&quot;:&quot;fas fa-spinner&quot;,&quot;library&quot;:&quot;fa-solid&quot;}}\" data-widget_type=\"posts.cards\">\n\t\t\t\t<div class=\"elementor-widget-container\">\n\t\t\t\t\t\t\t<div class=\"elementor-posts-container elementor-posts elementor-posts--skin-cards elementor-grid\" role=\"list\">\n\t\t\t\t<article class=\"elementor-post elementor-grid-item post-978 portfolio type-portfolio status-publish has-post-thumbnail hentry portfolio_category-22\" role=\"listitem\">\n\t\t\t<div class=\"elementor-post__card\">\n\t\t\t\t<a class=\"elementor-post__thumbnail__link\" href=\"https:\/\/compp.ufn.edu.br\/?portfolio=projeto-playlibras-um-gesto-de-inclusao\" tabindex=\"-1\" ><div class=\"elementor-post__thumbnail\"><img loading=\"lazy\" decoding=\"async\" width=\"300\" height=\"114\" src=\"https:\/\/compp.ufn.edu.br\/wp-content\/uploads\/2018\/10\/4-300x114.png\" class=\"attachment-medium size-medium wp-image-895\" alt=\"\" srcset=\"https:\/\/compp.ufn.edu.br\/wp-content\/uploads\/2018\/10\/4-300x114.png 300w, https:\/\/compp.ufn.edu.br\/wp-content\/uploads\/2018\/10\/4-1024x390.png 1024w, https:\/\/compp.ufn.edu.br\/wp-content\/uploads\/2018\/10\/4-768x292.png 768w, https:\/\/compp.ufn.edu.br\/wp-content\/uploads\/2018\/10\/4-1536x584.png 1536w, https:\/\/compp.ufn.edu.br\/wp-content\/uploads\/2018\/10\/4.png 2000w\" sizes=\"(max-width: 300px) 100vw, 300px\" \/><\/div><\/a>\n\t\t\t\t<div class=\"elementor-post__text\">\n\t\t\t\t<h3 class=\"elementor-post__title\">\n\t\t\t<a href=\"https:\/\/compp.ufn.edu.br\/?portfolio=projeto-playlibras-um-gesto-de-inclusao\" >\n\t\t\t\tProjeto PlayLibras: um gesto de inclus\u00e3o\t\t\t<\/a>\n\t\t<\/h3>\n\t\t\t\t<div class=\"elementor-post__excerpt\">\n\t\t\t<p>O Projeto Play Libras tem o intuito de melhorar a comunica\u00e7\u00e3o entre deficientes auditivos e ouvintes ao apresentar audiovisuais curtos de conversas cotidianas na L\u00edngua<\/p>\n\t\t<\/div>\n\t\t\n\t\t<a class=\"elementor-post__read-more\" href=\"https:\/\/compp.ufn.edu.br\/?portfolio=projeto-playlibras-um-gesto-de-inclusao\" aria-label=\"Leia mais sobre Projeto PlayLibras: um gesto de inclus\u00e3o\" tabindex=\"-1\" >\n\t\t\tLer mais \u00bb\t\t<\/a>\n\n\t\t\t\t<\/div>\n\t\t\t\t<div class=\"elementor-post__meta-data\">\n\t\t\t\t\t<span class=\"elementor-post-date\">\n\t\t\t28 de novembro de 2018\t\t<\/span>\n\t\t\t\t<span class=\"elementor-post-avatar\">\n\t\t\t<span class=\"dsq-postid\" data-dsqidentifier=\"978 http:\/\/www.compp.unifra.br\/?post_type=portfolio&amp;p=978\">Nenhum coment\u00e1rio<\/span>\t\t<\/span>\n\t\t\t\t<\/div>\n\t\t\t\t\t<\/div>\n\t\t<\/article>\n\t\t\t\t<article class=\"elementor-post elementor-grid-item post-973 portfolio type-portfolio status-publish has-post-thumbnail hentry portfolio_category-22\" role=\"listitem\">\n\t\t\t<div class=\"elementor-post__card\">\n\t\t\t\t<a class=\"elementor-post__thumbnail__link\" href=\"https:\/\/compp.ufn.edu.br\/?portfolio=projeto-nascer-maternidade-e-orientacao\" tabindex=\"-1\" ><div class=\"elementor-post__thumbnail\"><img loading=\"lazy\" decoding=\"async\" width=\"300\" height=\"136\" src=\"https:\/\/compp.ufn.edu.br\/wp-content\/uploads\/2018\/11\/ProjetoNascer-300x136.png\" class=\"attachment-medium size-medium wp-image-1028\" alt=\"\" srcset=\"https:\/\/compp.ufn.edu.br\/wp-content\/uploads\/2018\/11\/ProjetoNascer-300x136.png 300w, https:\/\/compp.ufn.edu.br\/wp-content\/uploads\/2018\/11\/ProjetoNascer-1024x465.png 1024w, https:\/\/compp.ufn.edu.br\/wp-content\/uploads\/2018\/11\/ProjetoNascer-768x349.png 768w, https:\/\/compp.ufn.edu.br\/wp-content\/uploads\/2018\/11\/ProjetoNascer.png 1100w\" sizes=\"(max-width: 300px) 100vw, 300px\" \/><\/div><\/a>\n\t\t\t\t<div class=\"elementor-post__text\">\n\t\t\t\t<h3 class=\"elementor-post__title\">\n\t\t\t<a href=\"https:\/\/compp.ufn.edu.br\/?portfolio=projeto-nascer-maternidade-e-orientacao\" >\n\t\t\t\tProjeto Nascer &#8211; Maternidade e Orienta\u00e7\u00e3o\t\t\t<\/a>\n\t\t<\/h3>\n\t\t\t\t<div class=\"elementor-post__excerpt\">\n\t\t\t<p>O projeto Nascer &#8211; Maternidade e orienta\u00e7\u00e3o \u00e9 resultado da uni\u00e3o de esfor\u00e7os feita por alunos da disciplina de Comunit\u00e1ria do curso de Publicidade e<\/p>\n\t\t<\/div>\n\t\t\n\t\t<a class=\"elementor-post__read-more\" href=\"https:\/\/compp.ufn.edu.br\/?portfolio=projeto-nascer-maternidade-e-orientacao\" aria-label=\"Leia mais sobre Projeto Nascer &#8211; Maternidade e Orienta\u00e7\u00e3o\" tabindex=\"-1\" >\n\t\t\tLer mais \u00bb\t\t<\/a>\n\n\t\t\t\t<\/div>\n\t\t\t\t<div class=\"elementor-post__meta-data\">\n\t\t\t\t\t<span class=\"elementor-post-date\">\n\t\t\t28 de novembro de 2018\t\t<\/span>\n\t\t\t\t<span class=\"elementor-post-avatar\">\n\t\t\t<span class=\"dsq-postid\" data-dsqidentifier=\"973 http:\/\/www.compp.unifra.br\/?post_type=portfolio&amp;p=973\">Nenhum coment\u00e1rio<\/span>\t\t<\/span>\n\t\t\t\t<\/div>\n\t\t\t\t\t<\/div>\n\t\t<\/article>\n\t\t\t\t<article class=\"elementor-post elementor-grid-item post-871 portfolio type-portfolio status-publish has-post-thumbnail hentry portfolio_category-22\" role=\"listitem\">\n\t\t\t<div class=\"elementor-post__card\">\n\t\t\t\t<a class=\"elementor-post__thumbnail__link\" href=\"https:\/\/compp.ufn.edu.br\/?portfolio=projeto-pode-falar\" tabindex=\"-1\" ><div class=\"elementor-post__thumbnail\"><img loading=\"lazy\" decoding=\"async\" width=\"300\" height=\"136\" src=\"https:\/\/compp.ufn.edu.br\/wp-content\/uploads\/2018\/09\/pode_falar-1-300x136.png\" class=\"attachment-medium size-medium wp-image-1030\" alt=\"\" srcset=\"https:\/\/compp.ufn.edu.br\/wp-content\/uploads\/2018\/09\/pode_falar-1-300x136.png 300w, https:\/\/compp.ufn.edu.br\/wp-content\/uploads\/2018\/09\/pode_falar-1-1024x465.png 1024w, https:\/\/compp.ufn.edu.br\/wp-content\/uploads\/2018\/09\/pode_falar-1-768x349.png 768w, https:\/\/compp.ufn.edu.br\/wp-content\/uploads\/2018\/09\/pode_falar-1.png 1100w\" sizes=\"(max-width: 300px) 100vw, 300px\" \/><\/div><\/a>\n\t\t\t\t<div class=\"elementor-post__text\">\n\t\t\t\t<h3 class=\"elementor-post__title\">\n\t\t\t<a href=\"https:\/\/compp.ufn.edu.br\/?portfolio=projeto-pode-falar\" >\n\t\t\t\tProjeto Pode Falar &#8211; Voc\u00ea N\u00e3o Est\u00e1 Sozinho\t\t\t<\/a>\n\t\t<\/h3>\n\t\t\t\t<div class=\"elementor-post__excerpt\">\n\t\t\t<p>O projeto pode falar tem como objetivo combater a depress\u00e3o junto aos adolescentes alunos do 9\u00ba ano do ensino fundamental do Instituto Estadual de Educa\u00e7\u00e3o<\/p>\n\t\t<\/div>\n\t\t\n\t\t<a class=\"elementor-post__read-more\" href=\"https:\/\/compp.ufn.edu.br\/?portfolio=projeto-pode-falar\" aria-label=\"Leia mais sobre Projeto Pode Falar &#8211; Voc\u00ea N\u00e3o Est\u00e1 Sozinho\" tabindex=\"-1\" >\n\t\t\tLer mais \u00bb\t\t<\/a>\n\n\t\t\t\t<\/div>\n\t\t\t\t<div class=\"elementor-post__meta-data\">\n\t\t\t\t\t<span class=\"elementor-post-date\">\n\t\t\t27 de setembro de 2018\t\t<\/span>\n\t\t\t\t<span class=\"elementor-post-avatar\">\n\t\t\t<span class=\"dsq-postid\" data-dsqidentifier=\"871 http:\/\/www.compp.unifra.br\/?post_type=portfolio&amp;p=871\">Nenhum coment\u00e1rio<\/span>\t\t<\/span>\n\t\t\t\t<\/div>\n\t\t\t\t\t<\/div>\n\t\t<\/article>\n\t\t\t\t<article class=\"elementor-post elementor-grid-item post-858 portfolio type-portfolio status-publish has-post-thumbnail hentry portfolio_category-22\" role=\"listitem\">\n\t\t\t<div class=\"elementor-post__card\">\n\t\t\t\t<a class=\"elementor-post__thumbnail__link\" href=\"https:\/\/compp.ufn.edu.br\/?portfolio=o-amor-e-colorido-uma-conversa-de-mae-para-mae\" tabindex=\"-1\" ><div class=\"elementor-post__thumbnail\"><img loading=\"lazy\" decoding=\"async\" width=\"300\" height=\"169\" src=\"https:\/\/compp.ufn.edu.br\/wp-content\/uploads\/2018\/06\/o-amor-e-colorido-1-300x169.jpg\" class=\"attachment-medium size-medium wp-image-1036\" alt=\"\" srcset=\"https:\/\/compp.ufn.edu.br\/wp-content\/uploads\/2018\/06\/o-amor-e-colorido-1-300x169.jpg 300w, https:\/\/compp.ufn.edu.br\/wp-content\/uploads\/2018\/06\/o-amor-e-colorido-1-1024x576.jpg 1024w, https:\/\/compp.ufn.edu.br\/wp-content\/uploads\/2018\/06\/o-amor-e-colorido-1-768x432.jpg 768w, https:\/\/compp.ufn.edu.br\/wp-content\/uploads\/2018\/06\/o-amor-e-colorido-1.jpg 1280w\" sizes=\"(max-width: 300px) 100vw, 300px\" \/><\/div><\/a>\n\t\t\t\t<div class=\"elementor-post__text\">\n\t\t\t\t<h3 class=\"elementor-post__title\">\n\t\t\t<a href=\"https:\/\/compp.ufn.edu.br\/?portfolio=o-amor-e-colorido-uma-conversa-de-mae-para-mae\" >\n\t\t\t\tO Amor \u00e9 Colorido: Uma conversa de m\u00e3e para m\u00e3e.\t\t\t<\/a>\n\t\t<\/h3>\n\t\t\t\t<div class=\"elementor-post__excerpt\">\n\t\t\t<p>O Projeto O Amor \u00e9 Colorido abordou a problem\u00e1tica que as fam\u00edlias enfrentam quando os filhos assumem sua sexualidade, principalmente no caso de LGBT\u2019s. O<\/p>\n\t\t<\/div>\n\t\t\n\t\t<a class=\"elementor-post__read-more\" href=\"https:\/\/compp.ufn.edu.br\/?portfolio=o-amor-e-colorido-uma-conversa-de-mae-para-mae\" aria-label=\"Leia mais sobre O Amor \u00e9 Colorido: Uma conversa de m\u00e3e para m\u00e3e.\" tabindex=\"-1\" >\n\t\t\tLer mais \u00bb\t\t<\/a>\n\n\t\t\t\t<\/div>\n\t\t\t\t<div class=\"elementor-post__meta-data\">\n\t\t\t\t\t<span class=\"elementor-post-date\">\n\t\t\t15 de junho de 2018\t\t<\/span>\n\t\t\t\t<span class=\"elementor-post-avatar\">\n\t\t\t<span class=\"dsq-postid\" data-dsqidentifier=\"858 http:\/\/www.compp.unifra.br\/?post_type=portfolio&amp;p=858\">Nenhum coment\u00e1rio<\/span>\t\t<\/span>\n\t\t\t\t<\/div>\n\t\t\t\t\t<\/div>\n\t\t<\/article>\n\t\t\t\t<article class=\"elementor-post elementor-grid-item post-845 portfolio type-portfolio status-publish has-post-thumbnail hentry portfolio_category-22\" role=\"listitem\">\n\t\t\t<div class=\"elementor-post__card\">\n\t\t\t\t<a class=\"elementor-post__thumbnail__link\" href=\"https:\/\/compp.ufn.edu.br\/?portfolio=projeto-recriare-toda-crianca-tem-o-direito-de-se-divertir\" tabindex=\"-1\" ><div class=\"elementor-post__thumbnail\"><img loading=\"lazy\" decoding=\"async\" width=\"300\" height=\"111\" src=\"https:\/\/compp.ufn.edu.br\/wp-content\/uploads\/2018\/05\/29064552_198946027366072_4900768089601501384_o-300x111.jpg\" class=\"attachment-medium size-medium wp-image-846\" alt=\"\" srcset=\"https:\/\/compp.ufn.edu.br\/wp-content\/uploads\/2018\/05\/29064552_198946027366072_4900768089601501384_o-300x111.jpg 300w, https:\/\/compp.ufn.edu.br\/wp-content\/uploads\/2018\/05\/29064552_198946027366072_4900768089601501384_o-1024x379.jpg 1024w, https:\/\/compp.ufn.edu.br\/wp-content\/uploads\/2018\/05\/29064552_198946027366072_4900768089601501384_o-768x284.jpg 768w, https:\/\/compp.ufn.edu.br\/wp-content\/uploads\/2018\/05\/29064552_198946027366072_4900768089601501384_o-1536x568.jpg 1536w, https:\/\/compp.ufn.edu.br\/wp-content\/uploads\/2018\/05\/29064552_198946027366072_4900768089601501384_o-2048x758.jpg 2048w\" sizes=\"(max-width: 300px) 100vw, 300px\" \/><\/div><\/a>\n\t\t\t\t<div class=\"elementor-post__text\">\n\t\t\t\t<h3 class=\"elementor-post__title\">\n\t\t\t<a href=\"https:\/\/compp.ufn.edu.br\/?portfolio=projeto-recriare-toda-crianca-tem-o-direito-de-se-divertir\" >\n\t\t\t\tProjeto Recriare \u2013 Toda crian\u00e7a tem o direito de se divertir!\t\t\t<\/a>\n\t\t<\/h3>\n\t\t\t\t<div class=\"elementor-post__excerpt\">\n\t\t\t<p>O projeto Recriare foi criado e desenvolvido por universit\u00e1rios do curso de Publicidade e Propaganda da Universidade Franciscana. A escolha para a realiza\u00e7\u00e3o do projeto<\/p>\n\t\t<\/div>\n\t\t\n\t\t<a class=\"elementor-post__read-more\" href=\"https:\/\/compp.ufn.edu.br\/?portfolio=projeto-recriare-toda-crianca-tem-o-direito-de-se-divertir\" aria-label=\"Leia mais sobre Projeto Recriare \u2013 Toda crian\u00e7a tem o direito de se divertir!\" tabindex=\"-1\" >\n\t\t\tLer mais \u00bb\t\t<\/a>\n\n\t\t\t\t<\/div>\n\t\t\t\t<div class=\"elementor-post__meta-data\">\n\t\t\t\t\t<span class=\"elementor-post-date\">\n\t\t\t11 de maio de 2018\t\t<\/span>\n\t\t\t\t<span class=\"elementor-post-avatar\">\n\t\t\t<span class=\"dsq-postid\" data-dsqidentifier=\"845 http:\/\/www.compp.unifra.br\/?post_type=portfolio&amp;p=845\">Nenhum coment\u00e1rio<\/span>\t\t<\/span>\n\t\t\t\t<\/div>\n\t\t\t\t\t<\/div>\n\t\t<\/article>\n\t\t\t\t<\/div>\n\t\t\t\t\t<span class=\"e-load-more-spinner\">\n\t\t\t\t<svg aria-hidden=\"true\" class=\"e-font-icon-svg e-fas-spinner\" viewBox=\"0 0 512 512\" xmlns=\"http:\/\/www.w3.org\/2000\/svg\"><path d=\"M304 48c0 26.51-21.49 48-48 48s-48-21.49-48-48 21.49-48 48-48 48 21.49 48 48zm-48 368c-26.51 0-48 21.49-48 48s21.49 48 48 48 48-21.49 48-48-21.49-48-48-48zm208-208c-26.51 0-48 21.49-48 48s21.49 48 48 48 48-21.49 48-48-21.49-48-48-48zM96 256c0-26.51-21.49-48-48-48S0 229.49 0 256s21.49 48 48 48 48-21.49 48-48zm12.922 99.078c-26.51 0-48 21.49-48 48s21.49 48 48 48 48-21.49 48-48c0-26.509-21.491-48-48-48zm294.156 0c-26.51 0-48 21.49-48 48s21.49 48 48 48 48-21.49 48-48c0-26.509-21.49-48-48-48zM108.922 60.922c-26.51 0-48 21.49-48 48s21.49 48 48 48 48-21.49 48-48-21.491-48-48-48z\"><\/path><\/svg>\t\t\t<\/span>\n\t\t\n\t\t\t\t\t\t<\/div>\n\t\t\t\t<\/div>\n\t\t\t\t\t<\/div>\n\t\t<\/div>\n\t\t\t\t\t<\/div>\n\t\t<\/section>\n\t\t\t\t\t<\/div>\n\t\t<\/div>\n\t\t\t\t\t<\/div>\n\t\t<\/section>\n\t\t\t\t<section class=\"elementor-section elementor-top-section elementor-element elementor-element-56bd7a5 elementor-section-boxed elementor-section-height-default elementor-section-height-default\" data-id=\"56bd7a5\" data-element_type=\"section\">\n\t\t\t\t\t\t<div class=\"elementor-container elementor-column-gap-default\">\n\t\t\t\t\t<div class=\"elementor-column elementor-col-100 elementor-top-column elementor-element elementor-element-2b77f1e\" data-id=\"2b77f1e\" data-element_type=\"column\">\n\t\t\t<div class=\"elementor-widget-wrap elementor-element-populated\">\n\t\t\t\t\t\t<div class=\"elementor-element elementor-element-e62d505 elementor-widget elementor-widget-spacer\" data-id=\"e62d505\" data-element_type=\"widget\" data-widget_type=\"spacer.default\">\n\t\t\t\t<div class=\"elementor-widget-container\">\n\t\t\t\t\t\t\t<div class=\"elementor-spacer\">\n\t\t\t<div class=\"elementor-spacer-inner\"><\/div>\n\t\t<\/div>\n\t\t\t\t\t\t<\/div>\n\t\t\t\t<\/div>\n\t\t\t\t<div class=\"elementor-element elementor-element-8cab165 elementor-widget elementor-widget-heading\" data-id=\"8cab165\" data-element_type=\"widget\" data-widget_type=\"heading.default\">\n\t\t\t\t<div class=\"elementor-widget-container\">\n\t\t\t\t\t<h3 class=\"elementor-heading-title elementor-size-default\">projetos 2017<\/h3>\t\t\t\t<\/div>\n\t\t\t\t<\/div>\n\t\t\t\t<section class=\"elementor-section elementor-inner-section elementor-element elementor-element-d5c6903 elementor-section-boxed elementor-section-height-default elementor-section-height-default\" data-id=\"d5c6903\" data-element_type=\"section\">\n\t\t\t\t\t\t<div class=\"elementor-container elementor-column-gap-default\">\n\t\t\t\t\t<div class=\"elementor-column elementor-col-100 elementor-inner-column elementor-element elementor-element-643824b\" data-id=\"643824b\" data-element_type=\"column\">\n\t\t\t<div class=\"elementor-widget-wrap elementor-element-populated\">\n\t\t\t\t\t\t<div class=\"elementor-element elementor-element-78788e9 elementor-grid-3 elementor-grid-tablet-2 elementor-grid-mobile-1 elementor-posts--thumbnail-top elementor-card-shadow-yes elementor-posts__hover-gradient load-more-align-center elementor-widget elementor-widget-posts\" data-id=\"78788e9\" data-element_type=\"widget\" data-settings=\"{&quot;pagination_type&quot;:&quot;load_more_on_click&quot;,&quot;cards_columns&quot;:&quot;3&quot;,&quot;cards_columns_tablet&quot;:&quot;2&quot;,&quot;cards_columns_mobile&quot;:&quot;1&quot;,&quot;cards_row_gap&quot;:{&quot;unit&quot;:&quot;px&quot;,&quot;size&quot;:35,&quot;sizes&quot;:[]},&quot;cards_row_gap_tablet&quot;:{&quot;unit&quot;:&quot;px&quot;,&quot;size&quot;:&quot;&quot;,&quot;sizes&quot;:[]},&quot;cards_row_gap_mobile&quot;:{&quot;unit&quot;:&quot;px&quot;,&quot;size&quot;:&quot;&quot;,&quot;sizes&quot;:[]},&quot;load_more_spinner&quot;:{&quot;value&quot;:&quot;fas fa-spinner&quot;,&quot;library&quot;:&quot;fa-solid&quot;}}\" data-widget_type=\"posts.cards\">\n\t\t\t\t<div class=\"elementor-widget-container\">\n\t\t\t\t\t\t\t<div class=\"elementor-posts-container elementor-posts elementor-posts--skin-cards elementor-grid\" role=\"list\">\n\t\t\t\t<article class=\"elementor-post elementor-grid-item post-757 portfolio type-portfolio status-publish has-post-thumbnail hentry portfolio_category-19\" role=\"listitem\">\n\t\t\t<div class=\"elementor-post__card\">\n\t\t\t\t<a class=\"elementor-post__thumbnail__link\" href=\"https:\/\/compp.ufn.edu.br\/?portfolio=projeto-estimacao\" tabindex=\"-1\" ><div class=\"elementor-post__thumbnail\"><img loading=\"lazy\" decoding=\"async\" width=\"300\" height=\"169\" src=\"https:\/\/compp.ufn.edu.br\/wp-content\/uploads\/2017\/09\/projeto-estimacao-1-300x169.jpg\" class=\"attachment-medium size-medium wp-image-1039\" alt=\"\" srcset=\"https:\/\/compp.ufn.edu.br\/wp-content\/uploads\/2017\/09\/projeto-estimacao-1-300x169.jpg 300w, https:\/\/compp.ufn.edu.br\/wp-content\/uploads\/2017\/09\/projeto-estimacao-1-1024x576.jpg 1024w, https:\/\/compp.ufn.edu.br\/wp-content\/uploads\/2017\/09\/projeto-estimacao-1-768x432.jpg 768w, https:\/\/compp.ufn.edu.br\/wp-content\/uploads\/2017\/09\/projeto-estimacao-1.jpg 1280w\" sizes=\"(max-width: 300px) 100vw, 300px\" \/><\/div><\/a>\n\t\t\t\t<div class=\"elementor-post__text\">\n\t\t\t\t<h3 class=\"elementor-post__title\">\n\t\t\t<a href=\"https:\/\/compp.ufn.edu.br\/?portfolio=projeto-estimacao\" >\n\t\t\t\tProjeto Estima\u00e7\u00e3o\t\t\t<\/a>\n\t\t<\/h3>\n\t\t\t\t<div class=\"elementor-post__excerpt\">\n\t\t\t<p>https:\/\/www.youtube.com\/watch?v=8Rj3aRC_7XY&#038;feature=youtu.be O projeto Estima\u00e7\u00e3o foi idealizado com o objetivo de conscientizar as pessoas sobre os cuidados b\u00e1sicos necess\u00e1rios com animais de estima\u00e7\u00e3o. Busca prevenir contra<\/p>\n\t\t<\/div>\n\t\t\n\t\t<a class=\"elementor-post__read-more\" href=\"https:\/\/compp.ufn.edu.br\/?portfolio=projeto-estimacao\" aria-label=\"Leia mais sobre Projeto Estima\u00e7\u00e3o\" tabindex=\"-1\" >\n\t\t\tLer mais \u00bb\t\t<\/a>\n\n\t\t\t\t<\/div>\n\t\t\t\t<div class=\"elementor-post__meta-data\">\n\t\t\t\t\t<span class=\"elementor-post-date\">\n\t\t\t12 de setembro de 2017\t\t<\/span>\n\t\t\t\t<span class=\"elementor-post-avatar\">\n\t\t\t<span class=\"dsq-postid\" data-dsqidentifier=\"757 http:\/\/www.compp.unifra.br\/?post_type=portfolio&amp;p=757\">Nenhum coment\u00e1rio<\/span>\t\t<\/span>\n\t\t\t\t<\/div>\n\t\t\t\t\t<\/div>\n\t\t<\/article>\n\t\t\t\t<article class=\"elementor-post elementor-grid-item post-710 portfolio type-portfolio status-publish has-post-thumbnail hentry portfolio_category-19\" role=\"listitem\">\n\t\t\t<div class=\"elementor-post__card\">\n\t\t\t\t<a class=\"elementor-post__thumbnail__link\" href=\"https:\/\/compp.ufn.edu.br\/?portfolio=projeto-labuta\" tabindex=\"-1\" ><div class=\"elementor-post__thumbnail\"><img loading=\"lazy\" decoding=\"async\" width=\"300\" height=\"136\" src=\"https:\/\/compp.ufn.edu.br\/wp-content\/uploads\/2017\/06\/labuta_arte-300x136.png\" class=\"attachment-medium size-medium wp-image-1031\" alt=\"\" srcset=\"https:\/\/compp.ufn.edu.br\/wp-content\/uploads\/2017\/06\/labuta_arte-300x136.png 300w, https:\/\/compp.ufn.edu.br\/wp-content\/uploads\/2017\/06\/labuta_arte-1024x465.png 1024w, https:\/\/compp.ufn.edu.br\/wp-content\/uploads\/2017\/06\/labuta_arte-768x349.png 768w, https:\/\/compp.ufn.edu.br\/wp-content\/uploads\/2017\/06\/labuta_arte.png 1100w\" sizes=\"(max-width: 300px) 100vw, 300px\" \/><\/div><\/a>\n\t\t\t\t<div class=\"elementor-post__text\">\n\t\t\t\t<h3 class=\"elementor-post__title\">\n\t\t\t<a href=\"https:\/\/compp.ufn.edu.br\/?portfolio=projeto-labuta\" >\n\t\t\t\tProjeto Labuta Arte\t\t\t<\/a>\n\t\t<\/h3>\n\t\t\t\t<div class=\"elementor-post__excerpt\">\n\t\t\t<p>O Projeto Labuta Arte pretende transformar o olhar das pessoas sobre os artistas de rua ao mostrar o valor do seu trabalho. Esses artistas s\u00e3o<\/p>\n\t\t<\/div>\n\t\t\n\t\t<a class=\"elementor-post__read-more\" href=\"https:\/\/compp.ufn.edu.br\/?portfolio=projeto-labuta\" aria-label=\"Leia mais sobre Projeto Labuta Arte\" tabindex=\"-1\" >\n\t\t\tLer mais \u00bb\t\t<\/a>\n\n\t\t\t\t<\/div>\n\t\t\t\t<div class=\"elementor-post__meta-data\">\n\t\t\t\t\t<span class=\"elementor-post-date\">\n\t\t\t1 de junho de 2017\t\t<\/span>\n\t\t\t\t<span class=\"elementor-post-avatar\">\n\t\t\t<span class=\"dsq-postid\" data-dsqidentifier=\"710 http:\/\/www.compp.unifra.br\/?post_type=portfolio&amp;p=710\">Nenhum coment\u00e1rio<\/span>\t\t<\/span>\n\t\t\t\t<\/div>\n\t\t\t\t\t<\/div>\n\t\t<\/article>\n\t\t\t\t<article class=\"elementor-post elementor-grid-item post-562 portfolio type-portfolio status-publish has-post-thumbnail hentry portfolio_category-19\" role=\"listitem\">\n\t\t\t<div class=\"elementor-post__card\">\n\t\t\t\t<a class=\"elementor-post__thumbnail__link\" href=\"https:\/\/compp.ufn.edu.br\/?portfolio=projeto-transformar\" tabindex=\"-1\" ><div class=\"elementor-post__thumbnail\"><img loading=\"lazy\" decoding=\"async\" width=\"300\" height=\"169\" src=\"https:\/\/compp.ufn.edu.br\/wp-content\/uploads\/2017\/05\/projeto-transformar2-300x169.jpg\" class=\"attachment-medium size-medium wp-image-1034\" alt=\"\" srcset=\"https:\/\/compp.ufn.edu.br\/wp-content\/uploads\/2017\/05\/projeto-transformar2-300x169.jpg 300w, https:\/\/compp.ufn.edu.br\/wp-content\/uploads\/2017\/05\/projeto-transformar2-1024x576.jpg 1024w, https:\/\/compp.ufn.edu.br\/wp-content\/uploads\/2017\/05\/projeto-transformar2-768x432.jpg 768w, https:\/\/compp.ufn.edu.br\/wp-content\/uploads\/2017\/05\/projeto-transformar2.jpg 1280w\" sizes=\"(max-width: 300px) 100vw, 300px\" \/><\/div><\/a>\n\t\t\t\t<div class=\"elementor-post__text\">\n\t\t\t\t<h3 class=\"elementor-post__title\">\n\t\t\t<a href=\"https:\/\/compp.ufn.edu.br\/?portfolio=projeto-transformar\" >\n\t\t\t\tProjeto Transformar\t\t\t<\/a>\n\t\t<\/h3>\n\t\t\t\t<div class=\"elementor-post__excerpt\">\n\t\t\t<p>https:\/\/www.youtube.com\/watch?v=nOYVZ6apHXE Projeto Transformar abordou a quest\u00e3o da transfobia, viol\u00eancia vivida diariamente por pessoas trans. A transfobia \u00e9 o desrespeito a sua identidade de g\u00eanero, \u00e9<\/p>\n\t\t<\/div>\n\t\t\n\t\t<a class=\"elementor-post__read-more\" href=\"https:\/\/compp.ufn.edu.br\/?portfolio=projeto-transformar\" aria-label=\"Leia mais sobre Projeto Transformar\" tabindex=\"-1\" >\n\t\t\tLer mais \u00bb\t\t<\/a>\n\n\t\t\t\t<\/div>\n\t\t\t\t<div class=\"elementor-post__meta-data\">\n\t\t\t\t\t<span class=\"elementor-post-date\">\n\t\t\t22 de maio de 2017\t\t<\/span>\n\t\t\t\t<span class=\"elementor-post-avatar\">\n\t\t\t<span class=\"dsq-postid\" data-dsqidentifier=\"562 http:\/\/www.compp.unifra.br\/?post_type=portfolio&amp;p=562\">Nenhum coment\u00e1rio<\/span>\t\t<\/span>\n\t\t\t\t<\/div>\n\t\t\t\t\t<\/div>\n\t\t<\/article>\n\t\t\t\t<article class=\"elementor-post elementor-grid-item post-376 portfolio type-portfolio status-publish has-post-thumbnail hentry portfolio_category-19\" role=\"listitem\">\n\t\t\t<div class=\"elementor-post__card\">\n\t\t\t\t<a class=\"elementor-post__thumbnail__link\" href=\"https:\/\/compp.ufn.edu.br\/?portfolio=projeto-recordacao\" tabindex=\"-1\" ><div class=\"elementor-post__thumbnail\"><img loading=\"lazy\" decoding=\"async\" width=\"300\" height=\"169\" src=\"https:\/\/compp.ufn.edu.br\/wp-content\/uploads\/2017\/04\/logo-300x169.png\" class=\"attachment-medium size-medium wp-image-748\" alt=\"\" srcset=\"https:\/\/compp.ufn.edu.br\/wp-content\/uploads\/2017\/04\/logo-300x169.png 300w, https:\/\/compp.ufn.edu.br\/wp-content\/uploads\/2017\/04\/logo-1024x576.png 1024w, https:\/\/compp.ufn.edu.br\/wp-content\/uploads\/2017\/04\/logo-768x432.png 768w, https:\/\/compp.ufn.edu.br\/wp-content\/uploads\/2017\/04\/logo.png 1366w\" sizes=\"(max-width: 300px) 100vw, 300px\" \/><\/div><\/a>\n\t\t\t\t<div class=\"elementor-post__text\">\n\t\t\t\t<h3 class=\"elementor-post__title\">\n\t\t\t<a href=\"https:\/\/compp.ufn.edu.br\/?portfolio=projeto-recordacao\" >\n\t\t\t\tProjeto Recorda\u00e7\u00e3o\t\t\t<\/a>\n\t\t<\/h3>\n\t\t\t\t<div class=\"elementor-post__excerpt\">\n\t\t\t<p>O projeto Recorda\u00e7\u00e3o trabalhou com a ONG Inf\u00e2ncia-a\u00e7\u00e3o que come\u00e7ou as atividades em 2007 a partir da iniciativa de tr\u00eas universit\u00e1rios, com o objetivo de<\/p>\n\t\t<\/div>\n\t\t\n\t\t<a class=\"elementor-post__read-more\" href=\"https:\/\/compp.ufn.edu.br\/?portfolio=projeto-recordacao\" aria-label=\"Leia mais sobre Projeto Recorda\u00e7\u00e3o\" tabindex=\"-1\" >\n\t\t\tLer mais \u00bb\t\t<\/a>\n\n\t\t\t\t<\/div>\n\t\t\t\t<div class=\"elementor-post__meta-data\">\n\t\t\t\t\t<span class=\"elementor-post-date\">\n\t\t\t10 de abril de 2017\t\t<\/span>\n\t\t\t\t<span class=\"elementor-post-avatar\">\n\t\t\t<span class=\"dsq-postid\" data-dsqidentifier=\"376 http:\/\/www.compp.unifra.br\/?post_type=portfolio&amp;p=376\">Nenhum coment\u00e1rio<\/span>\t\t<\/span>\n\t\t\t\t<\/div>\n\t\t\t\t\t<\/div>\n\t\t<\/article>\n\t\t\t\t<\/div>\n\t\t\t\t\t<span class=\"e-load-more-spinner\">\n\t\t\t\t<svg aria-hidden=\"true\" class=\"e-font-icon-svg e-fas-spinner\" viewBox=\"0 0 512 512\" xmlns=\"http:\/\/www.w3.org\/2000\/svg\"><path d=\"M304 48c0 26.51-21.49 48-48 48s-48-21.49-48-48 21.49-48 48-48 48 21.49 48 48zm-48 368c-26.51 0-48 21.49-48 48s21.49 48 48 48 48-21.49 48-48-21.49-48-48-48zm208-208c-26.51 0-48 21.49-48 48s21.49 48 48 48 48-21.49 48-48-21.49-48-48-48zM96 256c0-26.51-21.49-48-48-48S0 229.49 0 256s21.49 48 48 48 48-21.49 48-48zm12.922 99.078c-26.51 0-48 21.49-48 48s21.49 48 48 48 48-21.49 48-48c0-26.509-21.491-48-48-48zm294.156 0c-26.51 0-48 21.49-48 48s21.49 48 48 48 48-21.49 48-48c0-26.509-21.49-48-48-48zM108.922 60.922c-26.51 0-48 21.49-48 48s21.49 48 48 48 48-21.49 48-48-21.491-48-48-48z\"><\/path><\/svg>\t\t\t<\/span>\n\t\t\n\t\t\t\t\t\t<\/div>\n\t\t\t\t<\/div>\n\t\t\t\t\t<\/div>\n\t\t<\/div>\n\t\t\t\t\t<\/div>\n\t\t<\/section>\n\t\t\t\t\t<\/div>\n\t\t<\/div>\n\t\t\t\t\t<\/div>\n\t\t<\/section>\n\t\t\t\t<section class=\"elementor-section elementor-top-section elementor-element elementor-element-517240c elementor-section-boxed elementor-section-height-default elementor-section-height-default\" data-id=\"517240c\" data-element_type=\"section\">\n\t\t\t\t\t\t<div class=\"elementor-container elementor-column-gap-default\">\n\t\t\t\t\t<div class=\"elementor-column elementor-col-100 elementor-top-column elementor-element elementor-element-e026b7c\" data-id=\"e026b7c\" data-element_type=\"column\">\n\t\t\t<div class=\"elementor-widget-wrap elementor-element-populated\">\n\t\t\t\t\t\t<div class=\"elementor-element elementor-element-e8927ed elementor-widget elementor-widget-spacer\" data-id=\"e8927ed\" data-element_type=\"widget\" data-widget_type=\"spacer.default\">\n\t\t\t\t<div class=\"elementor-widget-container\">\n\t\t\t\t\t\t\t<div class=\"elementor-spacer\">\n\t\t\t<div class=\"elementor-spacer-inner\"><\/div>\n\t\t<\/div>\n\t\t\t\t\t\t<\/div>\n\t\t\t\t<\/div>\n\t\t\t\t<div class=\"elementor-element elementor-element-e900332 elementor-widget elementor-widget-heading\" data-id=\"e900332\" data-element_type=\"widget\" data-widget_type=\"heading.default\">\n\t\t\t\t<div class=\"elementor-widget-container\">\n\t\t\t\t\t<h3 class=\"elementor-heading-title elementor-size-default\">projetos 2016<\/h3>\t\t\t\t<\/div>\n\t\t\t\t<\/div>\n\t\t\t\t<section class=\"elementor-section elementor-inner-section elementor-element elementor-element-6aa22bc elementor-section-boxed elementor-section-height-default elementor-section-height-default\" data-id=\"6aa22bc\" data-element_type=\"section\">\n\t\t\t\t\t\t<div class=\"elementor-container elementor-column-gap-default\">\n\t\t\t\t\t<div class=\"elementor-column elementor-col-100 elementor-inner-column elementor-element elementor-element-f0597d2\" data-id=\"f0597d2\" data-element_type=\"column\">\n\t\t\t<div class=\"elementor-widget-wrap elementor-element-populated\">\n\t\t\t\t\t\t<div class=\"elementor-element elementor-element-bd0297e elementor-grid-3 elementor-grid-tablet-2 elementor-grid-mobile-1 elementor-posts--thumbnail-top elementor-card-shadow-yes elementor-posts__hover-gradient load-more-align-center elementor-widget elementor-widget-posts\" data-id=\"bd0297e\" data-element_type=\"widget\" data-settings=\"{&quot;pagination_type&quot;:&quot;load_more_on_click&quot;,&quot;cards_columns&quot;:&quot;3&quot;,&quot;cards_columns_tablet&quot;:&quot;2&quot;,&quot;cards_columns_mobile&quot;:&quot;1&quot;,&quot;cards_row_gap&quot;:{&quot;unit&quot;:&quot;px&quot;,&quot;size&quot;:35,&quot;sizes&quot;:[]},&quot;cards_row_gap_tablet&quot;:{&quot;unit&quot;:&quot;px&quot;,&quot;size&quot;:&quot;&quot;,&quot;sizes&quot;:[]},&quot;cards_row_gap_mobile&quot;:{&quot;unit&quot;:&quot;px&quot;,&quot;size&quot;:&quot;&quot;,&quot;sizes&quot;:[]},&quot;load_more_spinner&quot;:{&quot;value&quot;:&quot;fas fa-spinner&quot;,&quot;library&quot;:&quot;fa-solid&quot;}}\" data-widget_type=\"posts.cards\">\n\t\t\t\t<div class=\"elementor-widget-container\">\n\t\t\t\t\t\t\t<div class=\"elementor-posts-container elementor-posts elementor-posts--skin-cards elementor-grid\" role=\"list\">\n\t\t\t\t<article class=\"elementor-post elementor-grid-item post-530 portfolio type-portfolio status-publish has-post-thumbnail hentry portfolio_category-20\" role=\"listitem\">\n\t\t\t<div class=\"elementor-post__card\">\n\t\t\t\t<a class=\"elementor-post__thumbnail__link\" href=\"https:\/\/compp.ufn.edu.br\/?portfolio=projeto-olha-pra-mim\" tabindex=\"-1\" ><div class=\"elementor-post__thumbnail\"><img loading=\"lazy\" decoding=\"async\" width=\"300\" height=\"169\" src=\"https:\/\/compp.ufn.edu.br\/wp-content\/uploads\/2017\/05\/olha-pra-mim-300x169.jpg\" class=\"attachment-medium size-medium wp-image-1057\" alt=\"\" srcset=\"https:\/\/compp.ufn.edu.br\/wp-content\/uploads\/2017\/05\/olha-pra-mim-300x169.jpg 300w, https:\/\/compp.ufn.edu.br\/wp-content\/uploads\/2017\/05\/olha-pra-mim-1024x576.jpg 1024w, https:\/\/compp.ufn.edu.br\/wp-content\/uploads\/2017\/05\/olha-pra-mim-768x432.jpg 768w, https:\/\/compp.ufn.edu.br\/wp-content\/uploads\/2017\/05\/olha-pra-mim.jpg 1280w\" sizes=\"(max-width: 300px) 100vw, 300px\" \/><\/div><\/a>\n\t\t\t\t<div class=\"elementor-post__text\">\n\t\t\t\t<h3 class=\"elementor-post__title\">\n\t\t\t<a href=\"https:\/\/compp.ufn.edu.br\/?portfolio=projeto-olha-pra-mim\" >\n\t\t\t\tProjeto Olha Pra Mim\t\t\t<\/a>\n\t\t<\/h3>\n\t\t\t\t<div class=\"elementor-post__excerpt\">\n\t\t\t<p>Olha pra mim \u00e9 um projeto social criado em 2014, pelo fot\u00f3grafo pernambucano Thiago Santos com o objetivo de realizar uma humaniza\u00e7\u00e3o social atrav\u00e9s do<\/p>\n\t\t<\/div>\n\t\t\n\t\t<a class=\"elementor-post__read-more\" href=\"https:\/\/compp.ufn.edu.br\/?portfolio=projeto-olha-pra-mim\" aria-label=\"Leia mais sobre Projeto Olha Pra Mim\" tabindex=\"-1\" >\n\t\t\tLer mais \u00bb\t\t<\/a>\n\n\t\t\t\t<\/div>\n\t\t\t\t<div class=\"elementor-post__meta-data\">\n\t\t\t\t\t<span class=\"elementor-post-date\">\n\t\t\t22 de maio de 2017\t\t<\/span>\n\t\t\t\t<span class=\"elementor-post-avatar\">\n\t\t\t<span class=\"dsq-postid\" data-dsqidentifier=\"530 http:\/\/www.compp.unifra.br\/?post_type=portfolio&#038;p=530\">Nenhum coment\u00e1rio<\/span>\t\t<\/span>\n\t\t\t\t<\/div>\n\t\t\t\t\t<\/div>\n\t\t<\/article>\n\t\t\t\t<article class=\"elementor-post elementor-grid-item post-65 portfolio type-portfolio status-publish has-post-thumbnail hentry portfolio_category-20\" role=\"listitem\">\n\t\t\t<div class=\"elementor-post__card\">\n\t\t\t\t<a class=\"elementor-post__thumbnail__link\" href=\"https:\/\/compp.ufn.edu.br\/?portfolio=nutrindo-sonhos\" tabindex=\"-1\" ><div class=\"elementor-post__thumbnail\"><img loading=\"lazy\" decoding=\"async\" width=\"300\" height=\"149\" src=\"https:\/\/compp.ufn.edu.br\/wp-content\/uploads\/2016\/10\/6-300x149.jpg\" class=\"attachment-medium size-medium wp-image-667\" alt=\"\" srcset=\"https:\/\/compp.ufn.edu.br\/wp-content\/uploads\/2016\/10\/6-300x149.jpg 300w, https:\/\/compp.ufn.edu.br\/wp-content\/uploads\/2016\/10\/6-768x381.jpg 768w, https:\/\/compp.ufn.edu.br\/wp-content\/uploads\/2016\/10\/6.jpg 1003w\" sizes=\"(max-width: 300px) 100vw, 300px\" \/><\/div><\/a>\n\t\t\t\t<div class=\"elementor-post__text\">\n\t\t\t\t<h3 class=\"elementor-post__title\">\n\t\t\t<a href=\"https:\/\/compp.ufn.edu.br\/?portfolio=nutrindo-sonhos\" >\n\t\t\t\tProjeto Nutrindo Sonhos\t\t\t<\/a>\n\t\t<\/h3>\n\t\t\t\t<div class=\"elementor-post__excerpt\">\n\t\t\t<p>O projeto Nutrindo Sonhos foi voltado especialmente para as crian\u00e7as da Aldeia Infantil SOS Url\u00e2ndia, institui\u00e7\u00e3o localizada no bairro Url\u00e2ndia, regi\u00e3o sul de Santa Maria,<\/p>\n\t\t<\/div>\n\t\t\n\t\t<a class=\"elementor-post__read-more\" href=\"https:\/\/compp.ufn.edu.br\/?portfolio=nutrindo-sonhos\" aria-label=\"Leia mais sobre Projeto Nutrindo Sonhos\" tabindex=\"-1\" >\n\t\t\tLer mais \u00bb\t\t<\/a>\n\n\t\t\t\t<\/div>\n\t\t\t\t<div class=\"elementor-post__meta-data\">\n\t\t\t\t\t<span class=\"elementor-post-date\">\n\t\t\t26 de outubro de 2016\t\t<\/span>\n\t\t\t\t<span class=\"elementor-post-avatar\">\n\t\t\t<span class=\"dsq-postid\" data-dsqidentifier=\"65 http:\/\/www.compp.unifra.br\/?post_type=portfolio&amp;p=65\">Nenhum coment\u00e1rio<\/span>\t\t<\/span>\n\t\t\t\t<\/div>\n\t\t\t\t\t<\/div>\n\t\t<\/article>\n\t\t\t\t<article class=\"elementor-post elementor-grid-item post-63 portfolio type-portfolio status-publish has-post-thumbnail hentry portfolio_category-20\" role=\"listitem\">\n\t\t\t<div class=\"elementor-post__card\">\n\t\t\t\t<a class=\"elementor-post__thumbnail__link\" href=\"https:\/\/compp.ufn.edu.br\/?portfolio=projeto-converse\" tabindex=\"-1\" ><div class=\"elementor-post__thumbnail\"><img loading=\"lazy\" decoding=\"async\" width=\"300\" height=\"169\" src=\"https:\/\/compp.ufn.edu.br\/wp-content\/uploads\/2016\/10\/converse2-300x169.jpg\" class=\"attachment-medium size-medium wp-image-1059\" alt=\"\" srcset=\"https:\/\/compp.ufn.edu.br\/wp-content\/uploads\/2016\/10\/converse2-300x169.jpg 300w, https:\/\/compp.ufn.edu.br\/wp-content\/uploads\/2016\/10\/converse2-1024x576.jpg 1024w, https:\/\/compp.ufn.edu.br\/wp-content\/uploads\/2016\/10\/converse2-768x432.jpg 768w, https:\/\/compp.ufn.edu.br\/wp-content\/uploads\/2016\/10\/converse2.jpg 1280w\" sizes=\"(max-width: 300px) 100vw, 300px\" \/><\/div><\/a>\n\t\t\t\t<div class=\"elementor-post__text\">\n\t\t\t\t<h3 class=\"elementor-post__title\">\n\t\t\t<a href=\"https:\/\/compp.ufn.edu.br\/?portfolio=projeto-converse\" >\n\t\t\t\tProjeto Converse\t\t\t<\/a>\n\t\t<\/h3>\n\t\t\t\t<div class=\"elementor-post__excerpt\">\n\t\t\t<p>O Projeto Converse foi voltado para um assunto de dif\u00edcil abordagem: o suic\u00eddio. A cada dia que se passa torna-se mais alarmante o n\u00famero de<\/p>\n\t\t<\/div>\n\t\t\n\t\t<a class=\"elementor-post__read-more\" href=\"https:\/\/compp.ufn.edu.br\/?portfolio=projeto-converse\" aria-label=\"Leia mais sobre Projeto Converse\" tabindex=\"-1\" >\n\t\t\tLer mais \u00bb\t\t<\/a>\n\n\t\t\t\t<\/div>\n\t\t\t\t<div class=\"elementor-post__meta-data\">\n\t\t\t\t\t<span class=\"elementor-post-date\">\n\t\t\t26 de outubro de 2016\t\t<\/span>\n\t\t\t\t<span class=\"elementor-post-avatar\">\n\t\t\t<span class=\"dsq-postid\" data-dsqidentifier=\"63 http:\/\/www.compp.unifra.br\/?post_type=portfolio&amp;p=63\">Nenhum coment\u00e1rio<\/span>\t\t<\/span>\n\t\t\t\t<\/div>\n\t\t\t\t\t<\/div>\n\t\t<\/article>\n\t\t\t\t<article class=\"elementor-post elementor-grid-item post-59 portfolio type-portfolio status-publish has-post-thumbnail hentry portfolio_category-20\" role=\"listitem\">\n\t\t\t<div class=\"elementor-post__card\">\n\t\t\t\t<a class=\"elementor-post__thumbnail__link\" href=\"https:\/\/compp.ufn.edu.br\/?portfolio=projeto-primavera-do-lar-vila-das-flores\" tabindex=\"-1\" ><div class=\"elementor-post__thumbnail\"><img loading=\"lazy\" decoding=\"async\" width=\"300\" height=\"275\" src=\"https:\/\/compp.ufn.edu.br\/wp-content\/uploads\/2016\/10\/Post_Apresentacao-300x275.png\" class=\"attachment-medium size-medium wp-image-605\" alt=\"\" srcset=\"https:\/\/compp.ufn.edu.br\/wp-content\/uploads\/2016\/10\/Post_Apresentacao-300x275.png 300w, https:\/\/compp.ufn.edu.br\/wp-content\/uploads\/2016\/10\/Post_Apresentacao-1024x939.png 1024w, https:\/\/compp.ufn.edu.br\/wp-content\/uploads\/2016\/10\/Post_Apresentacao-768x705.png 768w, https:\/\/compp.ufn.edu.br\/wp-content\/uploads\/2016\/10\/Post_Apresentacao.png 1090w\" sizes=\"(max-width: 300px) 100vw, 300px\" \/><\/div><\/a>\n\t\t\t\t<div class=\"elementor-post__text\">\n\t\t\t\t<h3 class=\"elementor-post__title\">\n\t\t\t<a href=\"https:\/\/compp.ufn.edu.br\/?portfolio=projeto-primavera-do-lar-vila-das-flores\" >\n\t\t\t\tProjeto Primavera\t\t\t<\/a>\n\t\t<\/h3>\n\t\t\t\t<div class=\"elementor-post__excerpt\">\n\t\t\t<p>https:\/\/www.youtube.com\/watch?v=EwUFLoZlBgE O Projeto Primavera foi uma iniciativa inspirada na pureza e alegria da primavera, e teve como objetivo dar visibilidade a institui\u00e7\u00e3o Lar Vila das<\/p>\n\t\t<\/div>\n\t\t\n\t\t<a class=\"elementor-post__read-more\" href=\"https:\/\/compp.ufn.edu.br\/?portfolio=projeto-primavera-do-lar-vila-das-flores\" aria-label=\"Leia mais sobre Projeto Primavera\" tabindex=\"-1\" >\n\t\t\tLer mais \u00bb\t\t<\/a>\n\n\t\t\t\t<\/div>\n\t\t\t\t<div class=\"elementor-post__meta-data\">\n\t\t\t\t\t<span class=\"elementor-post-date\">\n\t\t\t26 de outubro de 2016\t\t<\/span>\n\t\t\t\t<span class=\"elementor-post-avatar\">\n\t\t\t<span class=\"dsq-postid\" data-dsqidentifier=\"59 http:\/\/www.compp.unifra.br\/?post_type=portfolio&amp;p=59\">Nenhum coment\u00e1rio<\/span>\t\t<\/span>\n\t\t\t\t<\/div>\n\t\t\t\t\t<\/div>\n\t\t<\/article>\n\t\t\t\t<article class=\"elementor-post elementor-grid-item post-57 portfolio type-portfolio status-publish has-post-thumbnail hentry portfolio_category-20\" role=\"listitem\">\n\t\t\t<div class=\"elementor-post__card\">\n\t\t\t\t<a class=\"elementor-post__thumbnail__link\" href=\"https:\/\/compp.ufn.edu.br\/?portfolio=projeto-nao-e-voce-e-ele\" tabindex=\"-1\" ><div class=\"elementor-post__thumbnail\"><img loading=\"lazy\" decoding=\"async\" width=\"300\" height=\"300\" src=\"https:\/\/compp.ufn.edu.br\/wp-content\/uploads\/2016\/10\/13394027_489265674606354_8275699165345411624_n-300x300.jpg\" class=\"attachment-medium size-medium wp-image-196\" alt=\"\" srcset=\"https:\/\/compp.ufn.edu.br\/wp-content\/uploads\/2016\/10\/13394027_489265674606354_8275699165345411624_n-300x300.jpg 300w, https:\/\/compp.ufn.edu.br\/wp-content\/uploads\/2016\/10\/13394027_489265674606354_8275699165345411624_n-150x150.jpg 150w, https:\/\/compp.ufn.edu.br\/wp-content\/uploads\/2016\/10\/13394027_489265674606354_8275699165345411624_n-768x768.jpg 768w, https:\/\/compp.ufn.edu.br\/wp-content\/uploads\/2016\/10\/13394027_489265674606354_8275699165345411624_n.jpg 900w\" sizes=\"(max-width: 300px) 100vw, 300px\" \/><\/div><\/a>\n\t\t\t\t<div class=\"elementor-post__text\">\n\t\t\t\t<h3 class=\"elementor-post__title\">\n\t\t\t<a href=\"https:\/\/compp.ufn.edu.br\/?portfolio=projeto-nao-e-voce-e-ele\" >\n\t\t\t\tProjeto N\u00e3o \u00e9 voc\u00ea, \u00e9 ele\t\t\t<\/a>\n\t\t<\/h3>\n\t\t\t\t<div class=\"elementor-post__excerpt\">\n\t\t\t<p>O document\u00e1rio Meu Relacionamento Abusivo tem como objetivo dar um rosto\/nome aos relacionamentos, a fim de mostrar que, infelizmente, eles s\u00e3o reais e est\u00e3o mais<\/p>\n\t\t<\/div>\n\t\t\n\t\t<a class=\"elementor-post__read-more\" href=\"https:\/\/compp.ufn.edu.br\/?portfolio=projeto-nao-e-voce-e-ele\" aria-label=\"Leia mais sobre Projeto N\u00e3o \u00e9 voc\u00ea, \u00e9 ele\" tabindex=\"-1\" >\n\t\t\tLer mais \u00bb\t\t<\/a>\n\n\t\t\t\t<\/div>\n\t\t\t\t<div class=\"elementor-post__meta-data\">\n\t\t\t\t\t<span class=\"elementor-post-date\">\n\t\t\t26 de outubro de 2016\t\t<\/span>\n\t\t\t\t<span class=\"elementor-post-avatar\">\n\t\t\t<span class=\"dsq-postid\" data-dsqidentifier=\"57 http:\/\/www.compp.unifra.br\/?post_type=portfolio&amp;p=57\">Nenhum coment\u00e1rio<\/span>\t\t<\/span>\n\t\t\t\t<\/div>\n\t\t\t\t\t<\/div>\n\t\t<\/article>\n\t\t\t\t<article class=\"elementor-post elementor-grid-item post-55 portfolio type-portfolio status-publish has-post-thumbnail hentry portfolio_category-20\" role=\"listitem\">\n\t\t\t<div class=\"elementor-post__card\">\n\t\t\t\t<a class=\"elementor-post__thumbnail__link\" href=\"https:\/\/compp.ufn.edu.br\/?portfolio=projeto-seja\" tabindex=\"-1\" ><div class=\"elementor-post__thumbnail\"><img loading=\"lazy\" decoding=\"async\" width=\"300\" height=\"300\" src=\"https:\/\/compp.ufn.edu.br\/wp-content\/uploads\/2016\/10\/02-10-300x300.jpg\" class=\"attachment-medium size-medium wp-image-124\" alt=\"\" srcset=\"https:\/\/compp.ufn.edu.br\/wp-content\/uploads\/2016\/10\/02-10-300x300.jpg 300w, https:\/\/compp.ufn.edu.br\/wp-content\/uploads\/2016\/10\/02-10-150x150.jpg 150w, https:\/\/compp.ufn.edu.br\/wp-content\/uploads\/2016\/10\/02-10-768x767.jpg 768w, https:\/\/compp.ufn.edu.br\/wp-content\/uploads\/2016\/10\/02-10.jpg 960w\" sizes=\"(max-width: 300px) 100vw, 300px\" \/><\/div><\/a>\n\t\t\t\t<div class=\"elementor-post__text\">\n\t\t\t\t<h3 class=\"elementor-post__title\">\n\t\t\t<a href=\"https:\/\/compp.ufn.edu.br\/?portfolio=projeto-seja\" >\n\t\t\t\tProjeto Seja\t\t\t<\/a>\n\t\t<\/h3>\n\t\t\t\t<div class=\"elementor-post__excerpt\">\n\t\t\t<p>O projeto Seja teve por objetivo prestar apoio a pessoas que est\u00e3o em processo de auto aceita\u00e7\u00e3o perante sua condi\u00e7\u00e3o sexual. Em parceria com o<\/p>\n\t\t<\/div>\n\t\t\n\t\t<a class=\"elementor-post__read-more\" href=\"https:\/\/compp.ufn.edu.br\/?portfolio=projeto-seja\" aria-label=\"Leia mais sobre Projeto Seja\" tabindex=\"-1\" >\n\t\t\tLer mais \u00bb\t\t<\/a>\n\n\t\t\t\t<\/div>\n\t\t\t\t<div class=\"elementor-post__meta-data\">\n\t\t\t\t\t<span class=\"elementor-post-date\">\n\t\t\t26 de outubro de 2016\t\t<\/span>\n\t\t\t\t<span class=\"elementor-post-avatar\">\n\t\t\t<span class=\"dsq-postid\" data-dsqidentifier=\"55 http:\/\/www.compp.unifra.br\/?post_type=portfolio&amp;p=55\">Nenhum coment\u00e1rio<\/span>\t\t<\/span>\n\t\t\t\t<\/div>\n\t\t\t\t\t<\/div>\n\t\t<\/article>\n\t\t\t\t<article class=\"elementor-post elementor-grid-item post-44 portfolio type-portfolio status-publish has-post-thumbnail hentry portfolio_category-20\" role=\"listitem\">\n\t\t\t<div class=\"elementor-post__card\">\n\t\t\t\t<a class=\"elementor-post__thumbnail__link\" href=\"https:\/\/compp.ufn.edu.br\/?portfolio=projeto-agape\" tabindex=\"-1\" ><div class=\"elementor-post__thumbnail\"><img loading=\"lazy\" decoding=\"async\" width=\"300\" height=\"251\" src=\"https:\/\/compp.ufn.edu.br\/wp-content\/uploads\/2016\/10\/Promo-1-300x251.png\" class=\"attachment-medium size-medium wp-image-599\" alt=\"\" srcset=\"https:\/\/compp.ufn.edu.br\/wp-content\/uploads\/2016\/10\/Promo-1-300x251.png 300w, https:\/\/compp.ufn.edu.br\/wp-content\/uploads\/2016\/10\/Promo-1.png 756w\" sizes=\"(max-width: 300px) 100vw, 300px\" \/><\/div><\/a>\n\t\t\t\t<div class=\"elementor-post__text\">\n\t\t\t\t<h3 class=\"elementor-post__title\">\n\t\t\t<a href=\"https:\/\/compp.ufn.edu.br\/?portfolio=projeto-agape\" >\n\t\t\t\tProjeto \u00c1gape\t\t\t<\/a>\n\t\t<\/h3>\n\t\t\t\t<div class=\"elementor-post__excerpt\">\n\t\t\t<p>O Projeto \u00c1gape, cujo nome significa amor incondicional, teve como objetivo demonstrar que todo o amor de m\u00e3e \u00e9 igual e, com essa mensagem, fazer<\/p>\n\t\t<\/div>\n\t\t\n\t\t<a class=\"elementor-post__read-more\" href=\"https:\/\/compp.ufn.edu.br\/?portfolio=projeto-agape\" aria-label=\"Leia mais sobre Projeto \u00c1gape\" tabindex=\"-1\" >\n\t\t\tLer mais \u00bb\t\t<\/a>\n\n\t\t\t\t<\/div>\n\t\t\t\t<div class=\"elementor-post__meta-data\">\n\t\t\t\t\t<span class=\"elementor-post-date\">\n\t\t\t26 de outubro de 2016\t\t<\/span>\n\t\t\t\t<span class=\"elementor-post-avatar\">\n\t\t\t<span class=\"dsq-postid\" data-dsqidentifier=\"44 http:\/\/www.compp.unifra.br\/?post_type=portfolio&amp;p=44\">Nenhum coment\u00e1rio<\/span>\t\t<\/span>\n\t\t\t\t<\/div>\n\t\t\t\t\t<\/div>\n\t\t<\/article>\n\t\t\t\t<\/div>\n\t\t\t\t\t<span class=\"e-load-more-spinner\">\n\t\t\t\t<svg aria-hidden=\"true\" class=\"e-font-icon-svg e-fas-spinner\" viewBox=\"0 0 512 512\" xmlns=\"http:\/\/www.w3.org\/2000\/svg\"><path d=\"M304 48c0 26.51-21.49 48-48 48s-48-21.49-48-48 21.49-48 48-48 48 21.49 48 48zm-48 368c-26.51 0-48 21.49-48 48s21.49 48 48 48 48-21.49 48-48-21.49-48-48-48zm208-208c-26.51 0-48 21.49-48 48s21.49 48 48 48 48-21.49 48-48-21.49-48-48-48zM96 256c0-26.51-21.49-48-48-48S0 229.49 0 256s21.49 48 48 48 48-21.49 48-48zm12.922 99.078c-26.51 0-48 21.49-48 48s21.49 48 48 48 48-21.49 48-48c0-26.509-21.491-48-48-48zm294.156 0c-26.51 0-48 21.49-48 48s21.49 48 48 48 48-21.49 48-48c0-26.509-21.49-48-48-48zM108.922 60.922c-26.51 0-48 21.49-48 48s21.49 48 48 48 48-21.49 48-48-21.491-48-48-48z\"><\/path><\/svg>\t\t\t<\/span>\n\t\t\n\t\t\t\t\t\t<\/div>\n\t\t\t\t<\/div>\n\t\t\t\t\t<\/div>\n\t\t<\/div>\n\t\t\t\t\t<\/div>\n\t\t<\/section>\n\t\t\t\t\t<\/div>\n\t\t<\/div>\n\t\t\t\t\t<\/div>\n\t\t<\/section>\n\t\t\t\t<section class=\"elementor-section elementor-top-section elementor-element elementor-element-03afd45 elementor-section-boxed elementor-section-height-default elementor-section-height-default\" data-id=\"03afd45\" data-element_type=\"section\">\n\t\t\t\t\t\t<div class=\"elementor-container elementor-column-gap-default\">\n\t\t\t\t\t<div class=\"elementor-column elementor-col-100 elementor-top-column elementor-element elementor-element-145141f\" data-id=\"145141f\" data-element_type=\"column\">\n\t\t\t<div class=\"elementor-widget-wrap elementor-element-populated\">\n\t\t\t\t\t\t<div class=\"elementor-element elementor-element-3cc937f elementor-widget elementor-widget-spacer\" data-id=\"3cc937f\" data-element_type=\"widget\" data-widget_type=\"spacer.default\">\n\t\t\t\t<div class=\"elementor-widget-container\">\n\t\t\t\t\t\t\t<div class=\"elementor-spacer\">\n\t\t\t<div class=\"elementor-spacer-inner\"><\/div>\n\t\t<\/div>\n\t\t\t\t\t\t<\/div>\n\t\t\t\t<\/div>\n\t\t\t\t<div class=\"elementor-element elementor-element-2fdb69c elementor-widget elementor-widget-heading\" data-id=\"2fdb69c\" data-element_type=\"widget\" data-widget_type=\"heading.default\">\n\t\t\t\t<div class=\"elementor-widget-container\">\n\t\t\t\t\t<h3 class=\"elementor-heading-title elementor-size-default\">projetos 2015<\/h3>\t\t\t\t<\/div>\n\t\t\t\t<\/div>\n\t\t\t\t<section class=\"elementor-section elementor-inner-section elementor-element elementor-element-f4750a7 elementor-section-boxed elementor-section-height-default elementor-section-height-default\" data-id=\"f4750a7\" data-element_type=\"section\">\n\t\t\t\t\t\t<div class=\"elementor-container elementor-column-gap-default\">\n\t\t\t\t\t<div class=\"elementor-column elementor-col-100 elementor-inner-column elementor-element elementor-element-9b1ea24\" data-id=\"9b1ea24\" data-element_type=\"column\">\n\t\t\t<div class=\"elementor-widget-wrap elementor-element-populated\">\n\t\t\t\t\t\t<div class=\"elementor-element elementor-element-687c192 elementor-grid-3 elementor-grid-tablet-2 elementor-grid-mobile-1 elementor-posts--thumbnail-top elementor-card-shadow-yes elementor-posts__hover-gradient load-more-align-center elementor-widget elementor-widget-posts\" data-id=\"687c192\" data-element_type=\"widget\" data-settings=\"{&quot;pagination_type&quot;:&quot;load_more_on_click&quot;,&quot;cards_columns&quot;:&quot;3&quot;,&quot;cards_columns_tablet&quot;:&quot;2&quot;,&quot;cards_columns_mobile&quot;:&quot;1&quot;,&quot;cards_row_gap&quot;:{&quot;unit&quot;:&quot;px&quot;,&quot;size&quot;:35,&quot;sizes&quot;:[]},&quot;cards_row_gap_tablet&quot;:{&quot;unit&quot;:&quot;px&quot;,&quot;size&quot;:&quot;&quot;,&quot;sizes&quot;:[]},&quot;cards_row_gap_mobile&quot;:{&quot;unit&quot;:&quot;px&quot;,&quot;size&quot;:&quot;&quot;,&quot;sizes&quot;:[]},&quot;load_more_spinner&quot;:{&quot;value&quot;:&quot;fas fa-spinner&quot;,&quot;library&quot;:&quot;fa-solid&quot;}}\" data-widget_type=\"posts.cards\">\n\t\t\t\t<div class=\"elementor-widget-container\">\n\t\t\t\t\t\t\t<div class=\"elementor-posts-container elementor-posts elementor-posts--skin-cards elementor-grid\" role=\"list\">\n\t\t\t\t<article class=\"elementor-post elementor-grid-item post-628 portfolio type-portfolio status-publish has-post-thumbnail hentry portfolio_category-14\" role=\"listitem\">\n\t\t\t<div class=\"elementor-post__card\">\n\t\t\t\t<a class=\"elementor-post__thumbnail__link\" href=\"https:\/\/compp.ufn.edu.br\/?portfolio=projeto-sonora\" tabindex=\"-1\" ><div class=\"elementor-post__thumbnail\"><img loading=\"lazy\" decoding=\"async\" width=\"300\" height=\"169\" src=\"https:\/\/compp.ufn.edu.br\/wp-content\/uploads\/2019\/09\/Apresentacao2-300x169.png\" class=\"attachment-medium size-medium wp-image-1147\" alt=\"\" srcset=\"https:\/\/compp.ufn.edu.br\/wp-content\/uploads\/2019\/09\/Apresentacao2-300x169.png 300w, https:\/\/compp.ufn.edu.br\/wp-content\/uploads\/2019\/09\/Apresentacao2-1024x576.png 1024w, https:\/\/compp.ufn.edu.br\/wp-content\/uploads\/2019\/09\/Apresentacao2-768x432.png 768w, https:\/\/compp.ufn.edu.br\/wp-content\/uploads\/2019\/09\/Apresentacao2.png 1280w\" sizes=\"(max-width: 300px) 100vw, 300px\" \/><\/div><\/a>\n\t\t\t\t<div class=\"elementor-post__text\">\n\t\t\t\t<h3 class=\"elementor-post__title\">\n\t\t\t<a href=\"https:\/\/compp.ufn.edu.br\/?portfolio=projeto-sonora\" >\n\t\t\t\tProjeto Sonora\t\t\t<\/a>\n\t\t<\/h3>\n\t\t\t\t<div class=\"elementor-post__excerpt\">\n\t\t\t<p>O Projeto Sonora teve como objetivo divulgar o projeto Orquestrando Arte e promover momentos de confraterniza\u00e7\u00e3o entre os profissionais, crian\u00e7as e colaboradores. A Orquestrando Arte<\/p>\n\t\t<\/div>\n\t\t\n\t\t<a class=\"elementor-post__read-more\" href=\"https:\/\/compp.ufn.edu.br\/?portfolio=projeto-sonora\" aria-label=\"Leia mais sobre Projeto Sonora\" tabindex=\"-1\" >\n\t\t\tLer mais \u00bb\t\t<\/a>\n\n\t\t\t\t<\/div>\n\t\t\t\t<div class=\"elementor-post__meta-data\">\n\t\t\t\t\t<span class=\"elementor-post-date\">\n\t\t\t16 de mar\u00e7o de 2018\t\t<\/span>\n\t\t\t\t<span class=\"elementor-post-avatar\">\n\t\t\t<span class=\"dsq-postid\" data-dsqidentifier=\"628 http:\/\/www.compp.unifra.br\/?post_type=portfolio&amp;p=628\">Nenhum coment\u00e1rio<\/span>\t\t<\/span>\n\t\t\t\t<\/div>\n\t\t\t\t\t<\/div>\n\t\t<\/article>\n\t\t\t\t<article class=\"elementor-post elementor-grid-item post-717 portfolio type-portfolio status-publish has-post-thumbnail hentry portfolio_category-14\" role=\"listitem\">\n\t\t\t<div class=\"elementor-post__card\">\n\t\t\t\t<a class=\"elementor-post__thumbnail__link\" href=\"https:\/\/compp.ufn.edu.br\/?portfolio=projeto-aplauso\" tabindex=\"-1\" ><div class=\"elementor-post__thumbnail\"><img loading=\"lazy\" decoding=\"async\" width=\"300\" height=\"169\" src=\"https:\/\/compp.ufn.edu.br\/wp-content\/uploads\/2017\/06\/aplauso-300x169.jpg\" class=\"attachment-medium size-medium wp-image-1051\" alt=\"\" srcset=\"https:\/\/compp.ufn.edu.br\/wp-content\/uploads\/2017\/06\/aplauso-300x169.jpg 300w, https:\/\/compp.ufn.edu.br\/wp-content\/uploads\/2017\/06\/aplauso-1024x576.jpg 1024w, https:\/\/compp.ufn.edu.br\/wp-content\/uploads\/2017\/06\/aplauso-768x432.jpg 768w, https:\/\/compp.ufn.edu.br\/wp-content\/uploads\/2017\/06\/aplauso.jpg 1280w\" sizes=\"(max-width: 300px) 100vw, 300px\" \/><\/div><\/a>\n\t\t\t\t<div class=\"elementor-post__text\">\n\t\t\t\t<h3 class=\"elementor-post__title\">\n\t\t\t<a href=\"https:\/\/compp.ufn.edu.br\/?portfolio=projeto-aplauso\" >\n\t\t\t\tProjeto Aplauso\t\t\t<\/a>\n\t\t<\/h3>\n\t\t\t\t<div class=\"elementor-post__excerpt\">\n\t\t\t<p>O Projeto Aplauso foi uma iniciativa que teve como objetivo aumentar a visibilidade da escola EMAET \u2013 Escola Municipal de Artes Eduardo Trevisan \u2013 de<\/p>\n\t\t<\/div>\n\t\t\n\t\t<a class=\"elementor-post__read-more\" href=\"https:\/\/compp.ufn.edu.br\/?portfolio=projeto-aplauso\" aria-label=\"Leia mais sobre Projeto Aplauso\" tabindex=\"-1\" >\n\t\t\tLer mais \u00bb\t\t<\/a>\n\n\t\t\t\t<\/div>\n\t\t\t\t<div class=\"elementor-post__meta-data\">\n\t\t\t\t\t<span class=\"elementor-post-date\">\n\t\t\t1 de junho de 2017\t\t<\/span>\n\t\t\t\t<span class=\"elementor-post-avatar\">\n\t\t\t<span class=\"dsq-postid\" data-dsqidentifier=\"717 http:\/\/www.compp.unifra.br\/?post_type=portfolio&amp;p=717\">Nenhum coment\u00e1rio<\/span>\t\t<\/span>\n\t\t\t\t<\/div>\n\t\t\t\t\t<\/div>\n\t\t<\/article>\n\t\t\t\t<article class=\"elementor-post elementor-grid-item post-714 portfolio type-portfolio status-publish has-post-thumbnail hentry portfolio_category-14\" role=\"listitem\">\n\t\t\t<div class=\"elementor-post__card\">\n\t\t\t\t<a class=\"elementor-post__thumbnail__link\" href=\"https:\/\/compp.ufn.edu.br\/?portfolio=projeto-vovo-feliz\" tabindex=\"-1\" ><div class=\"elementor-post__thumbnail\"><img loading=\"lazy\" decoding=\"async\" width=\"300\" height=\"169\" src=\"https:\/\/compp.ufn.edu.br\/wp-content\/uploads\/2017\/06\/vovo-feliz-300x169.jpg\" class=\"attachment-medium size-medium wp-image-1040\" alt=\"\" srcset=\"https:\/\/compp.ufn.edu.br\/wp-content\/uploads\/2017\/06\/vovo-feliz-300x169.jpg 300w, https:\/\/compp.ufn.edu.br\/wp-content\/uploads\/2017\/06\/vovo-feliz-1024x576.jpg 1024w, https:\/\/compp.ufn.edu.br\/wp-content\/uploads\/2017\/06\/vovo-feliz-768x432.jpg 768w, https:\/\/compp.ufn.edu.br\/wp-content\/uploads\/2017\/06\/vovo-feliz.jpg 1280w\" sizes=\"(max-width: 300px) 100vw, 300px\" \/><\/div><\/a>\n\t\t\t\t<div class=\"elementor-post__text\">\n\t\t\t\t<h3 class=\"elementor-post__title\">\n\t\t\t<a href=\"https:\/\/compp.ufn.edu.br\/?portfolio=projeto-vovo-feliz\" >\n\t\t\t\tProjeto Vov\u00f4 Feliz\t\t\t<\/a>\n\t\t<\/h3>\n\t\t\t\t<div class=\"elementor-post__excerpt\">\n\t\t\t<p>O Projeto Vov\u00f4 Feliz foi uma iniciativa que teve como objetivo dar visibilidade ao Asilo Itagiba, uma institui\u00e7\u00e3o sem fins lucrativos, localizada no bairro Ch\u00e1cara<\/p>\n\t\t<\/div>\n\t\t\n\t\t<a class=\"elementor-post__read-more\" href=\"https:\/\/compp.ufn.edu.br\/?portfolio=projeto-vovo-feliz\" aria-label=\"Leia mais sobre Projeto Vov\u00f4 Feliz\" tabindex=\"-1\" >\n\t\t\tLer mais \u00bb\t\t<\/a>\n\n\t\t\t\t<\/div>\n\t\t\t\t<div class=\"elementor-post__meta-data\">\n\t\t\t\t\t<span class=\"elementor-post-date\">\n\t\t\t1 de junho de 2017\t\t<\/span>\n\t\t\t\t<span class=\"elementor-post-avatar\">\n\t\t\t<span class=\"dsq-postid\" data-dsqidentifier=\"714 http:\/\/www.compp.unifra.br\/?post_type=portfolio&amp;p=714\">Nenhum coment\u00e1rio<\/span>\t\t<\/span>\n\t\t\t\t<\/div>\n\t\t\t\t\t<\/div>\n\t\t<\/article>\n\t\t\t\t<article class=\"elementor-post elementor-grid-item post-550 portfolio type-portfolio status-publish has-post-thumbnail hentry portfolio_category-14\" role=\"listitem\">\n\t\t\t<div class=\"elementor-post__card\">\n\t\t\t\t<a class=\"elementor-post__thumbnail__link\" href=\"https:\/\/compp.ufn.edu.br\/?portfolio=projeto-vem-pro-pop\" tabindex=\"-1\" ><div class=\"elementor-post__thumbnail\"><img loading=\"lazy\" decoding=\"async\" width=\"300\" height=\"236\" src=\"https:\/\/compp.ufn.edu.br\/wp-content\/uploads\/2017\/05\/adesivo-espaco-cultural-1-300x236-1.jpg\" class=\"attachment-medium size-medium wp-image-834\" alt=\"\" \/><\/div><\/a>\n\t\t\t\t<div class=\"elementor-post__text\">\n\t\t\t\t<h3 class=\"elementor-post__title\">\n\t\t\t<a href=\"https:\/\/compp.ufn.edu.br\/?portfolio=projeto-vem-pro-pop\" >\n\t\t\t\tProjeto Vem Pro POP\t\t\t<\/a>\n\t\t<\/h3>\n\t\t\t\t<div class=\"elementor-post__excerpt\">\n\t\t\t<p>O projeto Vem Pro POP trabalhou com o restaurante popular de Santa Maria que estava passando por dificuldades devido \u00e0 diminui\u00e7\u00e3o do n\u00famero frequentadores entre<\/p>\n\t\t<\/div>\n\t\t\n\t\t<a class=\"elementor-post__read-more\" href=\"https:\/\/compp.ufn.edu.br\/?portfolio=projeto-vem-pro-pop\" aria-label=\"Leia mais sobre Projeto Vem Pro POP\" tabindex=\"-1\" >\n\t\t\tLer mais \u00bb\t\t<\/a>\n\n\t\t\t\t<\/div>\n\t\t\t\t<div class=\"elementor-post__meta-data\">\n\t\t\t\t\t<span class=\"elementor-post-date\">\n\t\t\t22 de maio de 2017\t\t<\/span>\n\t\t\t\t<span class=\"elementor-post-avatar\">\n\t\t\t<span class=\"dsq-postid\" data-dsqidentifier=\"550 http:\/\/www.compp.unifra.br\/?post_type=portfolio&amp;p=550\">Nenhum coment\u00e1rio<\/span>\t\t<\/span>\n\t\t\t\t<\/div>\n\t\t\t\t\t<\/div>\n\t\t<\/article>\n\t\t\t\t<article class=\"elementor-post elementor-grid-item post-526 portfolio type-portfolio status-publish has-post-thumbnail hentry portfolio_category-14\" role=\"listitem\">\n\t\t\t<div class=\"elementor-post__card\">\n\t\t\t\t<a class=\"elementor-post__thumbnail__link\" href=\"https:\/\/compp.ufn.edu.br\/?portfolio=projeto-reticencias\" tabindex=\"-1\" ><div class=\"elementor-post__thumbnail\"><img loading=\"lazy\" decoding=\"async\" width=\"300\" height=\"300\" src=\"https:\/\/compp.ufn.edu.br\/wp-content\/uploads\/2017\/05\/Imagem1-1-300x300.jpg\" class=\"attachment-medium size-medium wp-image-547\" alt=\"\" srcset=\"https:\/\/compp.ufn.edu.br\/wp-content\/uploads\/2017\/05\/Imagem1-1-300x300.jpg 300w, https:\/\/compp.ufn.edu.br\/wp-content\/uploads\/2017\/05\/Imagem1-1-150x150.jpg 150w, https:\/\/compp.ufn.edu.br\/wp-content\/uploads\/2017\/05\/Imagem1-1.jpg 634w\" sizes=\"(max-width: 300px) 100vw, 300px\" \/><\/div><\/a>\n\t\t\t\t<div class=\"elementor-post__text\">\n\t\t\t\t<h3 class=\"elementor-post__title\">\n\t\t\t<a href=\"https:\/\/compp.ufn.edu.br\/?portfolio=projeto-reticencias\" >\n\t\t\t\tProjeto Retic\u00eancias\t\t\t<\/a>\n\t\t<\/h3>\n\t\t\t\t<div class=\"elementor-post__excerpt\">\n\t\t\t<p>https:\/\/youtu.be\/y9LuhZJIe3k &nbsp; O Projeto Retic\u00eancias foi uma iniciativa que procurou mostrar que \u00e9 poss\u00edvel as mulheres v\u00edtimas do c\u00e2ncer de superarem a doen\u00e7a e continuarem<\/p>\n\t\t<\/div>\n\t\t\n\t\t<a class=\"elementor-post__read-more\" href=\"https:\/\/compp.ufn.edu.br\/?portfolio=projeto-reticencias\" aria-label=\"Leia mais sobre Projeto Retic\u00eancias\" tabindex=\"-1\" >\n\t\t\tLer mais \u00bb\t\t<\/a>\n\n\t\t\t\t<\/div>\n\t\t\t\t<div class=\"elementor-post__meta-data\">\n\t\t\t\t\t<span class=\"elementor-post-date\">\n\t\t\t22 de maio de 2017\t\t<\/span>\n\t\t\t\t<span class=\"elementor-post-avatar\">\n\t\t\t<span class=\"dsq-postid\" data-dsqidentifier=\"526 http:\/\/www.compp.unifra.br\/?post_type=portfolio&amp;p=526\">Nenhum coment\u00e1rio<\/span>\t\t<\/span>\n\t\t\t\t<\/div>\n\t\t\t\t\t<\/div>\n\t\t<\/article>\n\t\t\t\t<article class=\"elementor-post elementor-grid-item post-441 portfolio type-portfolio status-publish has-post-thumbnail hentry portfolio_category-14\" role=\"listitem\">\n\t\t\t<div class=\"elementor-post__card\">\n\t\t\t\t<a class=\"elementor-post__thumbnail__link\" href=\"https:\/\/compp.ufn.edu.br\/?portfolio=projeto-cultura-ativa\" tabindex=\"-1\" ><div class=\"elementor-post__thumbnail\"><img loading=\"lazy\" decoding=\"async\" width=\"300\" height=\"169\" src=\"https:\/\/compp.ufn.edu.br\/wp-content\/uploads\/2017\/04\/cultura-ativa-300x169.jpg\" class=\"attachment-medium size-medium wp-image-1052\" alt=\"\" srcset=\"https:\/\/compp.ufn.edu.br\/wp-content\/uploads\/2017\/04\/cultura-ativa-300x169.jpg 300w, https:\/\/compp.ufn.edu.br\/wp-content\/uploads\/2017\/04\/cultura-ativa-1024x576.jpg 1024w, https:\/\/compp.ufn.edu.br\/wp-content\/uploads\/2017\/04\/cultura-ativa-768x432.jpg 768w, https:\/\/compp.ufn.edu.br\/wp-content\/uploads\/2017\/04\/cultura-ativa.jpg 1280w\" sizes=\"(max-width: 300px) 100vw, 300px\" \/><\/div><\/a>\n\t\t\t\t<div class=\"elementor-post__text\">\n\t\t\t\t<h3 class=\"elementor-post__title\">\n\t\t\t<a href=\"https:\/\/compp.ufn.edu.br\/?portfolio=projeto-cultura-ativa\" >\n\t\t\t\tProjeto Cultura Ativa\t\t\t<\/a>\n\t\t<\/h3>\n\t\t\t\t<div class=\"elementor-post__excerpt\">\n\t\t\t<p>O Projeto Cultura Ativa promoveu diversas a\u00e7\u00f5es de integra\u00e7\u00e3o com os alunos da APAE de Santa Maria. \u00a0A inten\u00e7\u00e3o foi levar aos alunos um pouco<\/p>\n\t\t<\/div>\n\t\t\n\t\t<a class=\"elementor-post__read-more\" href=\"https:\/\/compp.ufn.edu.br\/?portfolio=projeto-cultura-ativa\" aria-label=\"Leia mais sobre Projeto Cultura Ativa\" tabindex=\"-1\" >\n\t\t\tLer mais \u00bb\t\t<\/a>\n\n\t\t\t\t<\/div>\n\t\t\t\t<div class=\"elementor-post__meta-data\">\n\t\t\t\t\t<span class=\"elementor-post-date\">\n\t\t\t17 de abril de 2017\t\t<\/span>\n\t\t\t\t<span class=\"elementor-post-avatar\">\n\t\t\t<span class=\"dsq-postid\" data-dsqidentifier=\"441 http:\/\/www.compp.unifra.br\/?post_type=portfolio&amp;p=441\">Nenhum coment\u00e1rio<\/span>\t\t<\/span>\n\t\t\t\t<\/div>\n\t\t\t\t\t<\/div>\n\t\t<\/article>\n\t\t\t\t<article class=\"elementor-post elementor-grid-item post-414 portfolio type-portfolio status-publish has-post-thumbnail hentry portfolio_category-14\" role=\"listitem\">\n\t\t\t<div class=\"elementor-post__card\">\n\t\t\t\t<a class=\"elementor-post__thumbnail__link\" href=\"https:\/\/compp.ufn.edu.br\/?portfolio=projeto-visar\" tabindex=\"-1\" ><div class=\"elementor-post__thumbnail\"><img loading=\"lazy\" decoding=\"async\" width=\"297\" height=\"300\" src=\"https:\/\/compp.ufn.edu.br\/wp-content\/uploads\/2017\/04\/12074947_864336713650790_8565191498831755130_n-297x300.jpg\" class=\"attachment-medium size-medium wp-image-820\" alt=\"\" srcset=\"https:\/\/compp.ufn.edu.br\/wp-content\/uploads\/2017\/04\/12074947_864336713650790_8565191498831755130_n-297x300.jpg 297w, https:\/\/compp.ufn.edu.br\/wp-content\/uploads\/2017\/04\/12074947_864336713650790_8565191498831755130_n.jpg 701w\" sizes=\"(max-width: 297px) 100vw, 297px\" \/><\/div><\/a>\n\t\t\t\t<div class=\"elementor-post__text\">\n\t\t\t\t<h3 class=\"elementor-post__title\">\n\t\t\t<a href=\"https:\/\/compp.ufn.edu.br\/?portfolio=projeto-visar\" >\n\t\t\t\tProjeto Visar\t\t\t<\/a>\n\t\t<\/h3>\n\t\t\t\t<div class=\"elementor-post__excerpt\">\n\t\t\t<p>&nbsp; O Projeto Visar trabalhou para aumentar a visibilidade da institui\u00e7\u00e3o AAPECAN &#8211; Associa\u00e7\u00e3o de Apoio a Pessoas com C\u00e2ncer &#8211; na comunidade santa-mariense e,<\/p>\n\t\t<\/div>\n\t\t\n\t\t<a class=\"elementor-post__read-more\" href=\"https:\/\/compp.ufn.edu.br\/?portfolio=projeto-visar\" aria-label=\"Leia mais sobre Projeto Visar\" tabindex=\"-1\" >\n\t\t\tLer mais \u00bb\t\t<\/a>\n\n\t\t\t\t<\/div>\n\t\t\t\t<div class=\"elementor-post__meta-data\">\n\t\t\t\t\t<span class=\"elementor-post-date\">\n\t\t\t17 de abril de 2017\t\t<\/span>\n\t\t\t\t<span class=\"elementor-post-avatar\">\n\t\t\t<span class=\"dsq-postid\" data-dsqidentifier=\"414 http:\/\/www.compp.unifra.br\/?post_type=portfolio&amp;p=414\">Nenhum coment\u00e1rio<\/span>\t\t<\/span>\n\t\t\t\t<\/div>\n\t\t\t\t\t<\/div>\n\t\t<\/article>\n\t\t\t\t<\/div>\n\t\t\t\t\t<span class=\"e-load-more-spinner\">\n\t\t\t\t<svg aria-hidden=\"true\" class=\"e-font-icon-svg e-fas-spinner\" viewBox=\"0 0 512 512\" xmlns=\"http:\/\/www.w3.org\/2000\/svg\"><path d=\"M304 48c0 26.51-21.49 48-48 48s-48-21.49-48-48 21.49-48 48-48 48 21.49 48 48zm-48 368c-26.51 0-48 21.49-48 48s21.49 48 48 48 48-21.49 48-48-21.49-48-48-48zm208-208c-26.51 0-48 21.49-48 48s21.49 48 48 48 48-21.49 48-48-21.49-48-48-48zM96 256c0-26.51-21.49-48-48-48S0 229.49 0 256s21.49 48 48 48 48-21.49 48-48zm12.922 99.078c-26.51 0-48 21.49-48 48s21.49 48 48 48 48-21.49 48-48c0-26.509-21.491-48-48-48zm294.156 0c-26.51 0-48 21.49-48 48s21.49 48 48 48 48-21.49 48-48c0-26.509-21.49-48-48-48zM108.922 60.922c-26.51 0-48 21.49-48 48s21.49 48 48 48 48-21.49 48-48-21.491-48-48-48z\"><\/path><\/svg>\t\t\t<\/span>\n\t\t\n\t\t\t\t\t\t<\/div>\n\t\t\t\t<\/div>\n\t\t\t\t\t<\/div>\n\t\t<\/div>\n\t\t\t\t\t<\/div>\n\t\t<\/section>\n\t\t\t\t\t<\/div>\n\t\t<\/div>\n\t\t\t\t\t<\/div>\n\t\t<\/section>\n\t\t\t\t<section class=\"elementor-section elementor-top-section elementor-element elementor-element-3f8f1d6 elementor-section-boxed elementor-section-height-default elementor-section-height-default\" data-id=\"3f8f1d6\" data-element_type=\"section\">\n\t\t\t\t\t\t<div class=\"elementor-container elementor-column-gap-default\">\n\t\t\t\t\t<div class=\"elementor-column elementor-col-100 elementor-top-column elementor-element elementor-element-2b31d5c\" data-id=\"2b31d5c\" data-element_type=\"column\">\n\t\t\t<div class=\"elementor-widget-wrap elementor-element-populated\">\n\t\t\t\t\t\t<div class=\"elementor-element elementor-element-9d0219d elementor-widget elementor-widget-spacer\" data-id=\"9d0219d\" data-element_type=\"widget\" data-widget_type=\"spacer.default\">\n\t\t\t\t<div class=\"elementor-widget-container\">\n\t\t\t\t\t\t\t<div class=\"elementor-spacer\">\n\t\t\t<div class=\"elementor-spacer-inner\"><\/div>\n\t\t<\/div>\n\t\t\t\t\t\t<\/div>\n\t\t\t\t<\/div>\n\t\t\t\t<div class=\"elementor-element elementor-element-518503e elementor-widget elementor-widget-heading\" data-id=\"518503e\" data-element_type=\"widget\" data-widget_type=\"heading.default\">\n\t\t\t\t<div class=\"elementor-widget-container\">\n\t\t\t\t\t<h3 class=\"elementor-heading-title elementor-size-default\">projetos 2014<\/h3>\t\t\t\t<\/div>\n\t\t\t\t<\/div>\n\t\t\t\t<section class=\"elementor-section elementor-inner-section elementor-element elementor-element-9faa05d elementor-section-boxed elementor-section-height-default elementor-section-height-default\" data-id=\"9faa05d\" data-element_type=\"section\">\n\t\t\t\t\t\t<div class=\"elementor-container elementor-column-gap-default\">\n\t\t\t\t\t<div class=\"elementor-column elementor-col-100 elementor-inner-column elementor-element elementor-element-13f122c\" data-id=\"13f122c\" data-element_type=\"column\">\n\t\t\t<div class=\"elementor-widget-wrap elementor-element-populated\">\n\t\t\t\t\t\t<div class=\"elementor-element elementor-element-4367179 elementor-grid-3 elementor-grid-tablet-2 elementor-grid-mobile-1 elementor-posts--thumbnail-top elementor-card-shadow-yes elementor-posts__hover-gradient load-more-align-center elementor-widget elementor-widget-posts\" data-id=\"4367179\" data-element_type=\"widget\" data-settings=\"{&quot;pagination_type&quot;:&quot;load_more_on_click&quot;,&quot;cards_columns&quot;:&quot;3&quot;,&quot;cards_columns_tablet&quot;:&quot;2&quot;,&quot;cards_columns_mobile&quot;:&quot;1&quot;,&quot;cards_row_gap&quot;:{&quot;unit&quot;:&quot;px&quot;,&quot;size&quot;:35,&quot;sizes&quot;:[]},&quot;cards_row_gap_tablet&quot;:{&quot;unit&quot;:&quot;px&quot;,&quot;size&quot;:&quot;&quot;,&quot;sizes&quot;:[]},&quot;cards_row_gap_mobile&quot;:{&quot;unit&quot;:&quot;px&quot;,&quot;size&quot;:&quot;&quot;,&quot;sizes&quot;:[]},&quot;load_more_spinner&quot;:{&quot;value&quot;:&quot;fas fa-spinner&quot;,&quot;library&quot;:&quot;fa-solid&quot;}}\" data-widget_type=\"posts.cards\">\n\t\t\t\t<div class=\"elementor-widget-container\">\n\t\t\t\t\t\t\t<div class=\"elementor-posts-container elementor-posts elementor-posts--skin-cards elementor-grid\" role=\"list\">\n\t\t\t\t<article class=\"elementor-post elementor-grid-item post-947 portfolio type-portfolio status-publish has-post-thumbnail hentry portfolio_category-18\" role=\"listitem\">\n\t\t\t<div class=\"elementor-post__card\">\n\t\t\t\t<a class=\"elementor-post__thumbnail__link\" href=\"https:\/\/compp.ufn.edu.br\/?portfolio=projeto-crescer-3\" tabindex=\"-1\" ><div class=\"elementor-post__thumbnail\"><img loading=\"lazy\" decoding=\"async\" width=\"300\" height=\"169\" src=\"https:\/\/compp.ufn.edu.br\/wp-content\/uploads\/2019\/09\/Apresentacao1-300x169.png\" class=\"attachment-medium size-medium wp-image-1145\" alt=\"\" srcset=\"https:\/\/compp.ufn.edu.br\/wp-content\/uploads\/2019\/09\/Apresentacao1-300x169.png 300w, https:\/\/compp.ufn.edu.br\/wp-content\/uploads\/2019\/09\/Apresentacao1-1024x576.png 1024w, https:\/\/compp.ufn.edu.br\/wp-content\/uploads\/2019\/09\/Apresentacao1-768x432.png 768w, https:\/\/compp.ufn.edu.br\/wp-content\/uploads\/2019\/09\/Apresentacao1.png 1280w\" sizes=\"(max-width: 300px) 100vw, 300px\" \/><\/div><\/a>\n\t\t\t\t<div class=\"elementor-post__text\">\n\t\t\t\t<h3 class=\"elementor-post__title\">\n\t\t\t<a href=\"https:\/\/compp.ufn.edu.br\/?portfolio=projeto-crescer-3\" >\n\t\t\t\tProjeto Crescer\t\t\t<\/a>\n\t\t<\/h3>\n\t\t\t\t<div class=\"elementor-post__excerpt\">\n\t\t\t<p>O projeto Crescer trabalhou com a creche Nosso lar localizada no bairro Patronato em Santa Maria, que atende 125 crian\u00e7as de 0 a 7 anos.<\/p>\n\t\t<\/div>\n\t\t\n\t\t<a class=\"elementor-post__read-more\" href=\"https:\/\/compp.ufn.edu.br\/?portfolio=projeto-crescer-3\" aria-label=\"Leia mais sobre Projeto Crescer\" tabindex=\"-1\" >\n\t\t\tLer mais \u00bb\t\t<\/a>\n\n\t\t\t\t<\/div>\n\t\t\t\t<div class=\"elementor-post__meta-data\">\n\t\t\t\t\t<span class=\"elementor-post-date\">\n\t\t\t14 de novembro de 2018\t\t<\/span>\n\t\t\t\t<span class=\"elementor-post-avatar\">\n\t\t\t<span class=\"dsq-postid\" data-dsqidentifier=\"947 http:\/\/www.compp.unifra.br\/?post_type=portfolio&amp;p=947\">Nenhum coment\u00e1rio<\/span>\t\t<\/span>\n\t\t\t\t<\/div>\n\t\t\t\t\t<\/div>\n\t\t<\/article>\n\t\t\t\t<\/div>\n\t\t\t\t\t<span class=\"e-load-more-spinner\">\n\t\t\t\t<svg aria-hidden=\"true\" class=\"e-font-icon-svg e-fas-spinner\" viewBox=\"0 0 512 512\" xmlns=\"http:\/\/www.w3.org\/2000\/svg\"><path d=\"M304 48c0 26.51-21.49 48-48 48s-48-21.49-48-48 21.49-48 48-48 48 21.49 48 48zm-48 368c-26.51 0-48 21.49-48 48s21.49 48 48 48 48-21.49 48-48-21.49-48-48-48zm208-208c-26.51 0-48 21.49-48 48s21.49 48 48 48 48-21.49 48-48-21.49-48-48-48zM96 256c0-26.51-21.49-48-48-48S0 229.49 0 256s21.49 48 48 48 48-21.49 48-48zm12.922 99.078c-26.51 0-48 21.49-48 48s21.49 48 48 48 48-21.49 48-48c0-26.509-21.491-48-48-48zm294.156 0c-26.51 0-48 21.49-48 48s21.49 48 48 48 48-21.49 48-48c0-26.509-21.49-48-48-48zM108.922 60.922c-26.51 0-48 21.49-48 48s21.49 48 48 48 48-21.49 48-48-21.491-48-48-48z\"><\/path><\/svg>\t\t\t<\/span>\n\t\t\n\t\t\t\t\t\t<\/div>\n\t\t\t\t<\/div>\n\t\t\t\t\t<\/div>\n\t\t<\/div>\n\t\t\t\t\t<\/div>\n\t\t<\/section>\n\t\t\t\t\t<\/div>\n\t\t<\/div>\n\t\t\t\t\t<\/div>\n\t\t<\/section>\n\t\t\t\t<section class=\"elementor-section elementor-top-section elementor-element elementor-element-df3b000 elementor-section-boxed elementor-section-height-default elementor-section-height-default\" data-id=\"df3b000\" data-element_type=\"section\">\n\t\t\t\t\t\t<div class=\"elementor-container elementor-column-gap-default\">\n\t\t\t\t\t<div class=\"elementor-column elementor-col-100 elementor-top-column elementor-element elementor-element-2a299e5\" data-id=\"2a299e5\" data-element_type=\"column\">\n\t\t\t<div class=\"elementor-widget-wrap\">\n\t\t\t\t\t\t\t<\/div>\n\t\t<\/div>\n\t\t\t\t\t<\/div>\n\t\t<\/section>\n\t\t\t\t<\/div>\n\t\t","protected":false},"excerpt":{"rendered":"<p>projetos Clique para conhecer os trabalhos\u00a0desenvolvidos pelos alunos de publicidade e propaganda\u00a0nos \u00faltimos anos. Voc\u00ea encontra a apresenta\u00e7\u00e3o, acad\u00eamicos envolvidos, fotografias e materiais produzidos de cada projeto. projetos 2023 projetos 2022 projetos 2021 projetos 2020 projetos 2019 projetos 2018 projetos 2017 projetos 2016 projetos 2015 projetos 2014<\/p>\n","protected":false},"author":2,"featured_media":0,"parent":0,"menu_order":0,"comment_status":"closed","ping_status":"closed","template":"","meta":{"footnotes":""},"class_list":["post-9","page","type-page","status-publish","hentry"],"_links":{"self":[{"href":"https:\/\/compp.ufn.edu.br\/index.php?rest_route=\/wp\/v2\/pages\/9","targetHints":{"allow":["GET"]}}],"collection":[{"href":"https:\/\/compp.ufn.edu.br\/index.php?rest_route=\/wp\/v2\/pages"}],"about":[{"href":"https:\/\/compp.ufn.edu.br\/index.php?rest_route=\/wp\/v2\/types\/page"}],"author":[{"embeddable":true,"href":"https:\/\/compp.ufn.edu.br\/index.php?rest_route=\/wp\/v2\/users\/2"}],"replies":[{"embeddable":true,"href":"https:\/\/compp.ufn.edu.br\/index.php?rest_route=%2Fwp%2Fv2%2Fcomments&post=9"}],"version-history":[{"count":15,"href":"https:\/\/compp.ufn.edu.br\/index.php?rest_route=\/wp\/v2\/pages\/9\/revisions"}],"predecessor-version":[{"id":1458,"href":"https:\/\/compp.ufn.edu.br\/index.php?rest_route=\/wp\/v2\/pages\/9\/revisions\/1458"}],"wp:attachment":[{"href":"https:\/\/compp.ufn.edu.br\/index.php?rest_route=%2Fwp%2Fv2%2Fmedia&parent=9"}],"curies":[{"name":"wp","href":"https:\/\/api.w.org\/{rel}","templated":true}]}}